{"id":46,"date":"2010-06-10T13:11:38","date_gmt":"2010-06-10T11:11:38","guid":{"rendered":"http:\/\/www.mikida-sunny.com\/icr\/?page_id=46"},"modified":"2013-06-06T08:57:59","modified_gmt":"2013-06-06T06:57:59","slug":"masok-rolunk","status":"publish","type":"page","link":"http:\/\/www.icr.rs\/m\/rolunk\/masok-rolunk\/","title":{"rendered":"M\u00e1sok r\u00f3lunk"},"content":{"rendered":"<h2>P\u00e1ly\u00e1zat\u00edr\u00f3i alapk\u00e9pz\u00e9st tartottak Magyarkanizs\u00e1n<\/h2>\n<p>A magyarkanizsai k\u00f6zs\u00e9g civil szervezeteinek k\u00e9pvisel\u0151i sz\u00e1m\u00e1ra szervezett \u00f6t\u00f3r\u00e1s ingyenes p\u00e1ly\u00e1zat\u00edr\u00f3i alapk\u00e9pz\u00e9st a <strong>Tisza Menti Inform\u00e1ci\u00f3s Fejleszt\u00e9si K\u00f6zpont<\/strong> \u00f6nkorm\u00e1nyzati t\u00e1mogat\u00e1ssal.<\/p>\n<p>A Tisza Menti Inform\u00e1ci\u00f3s Fejleszt\u00e9si K\u00f6zpont, vagyis az ICR els\u0151dleges c\u00e9ljai k\u00f6z\u00e9 tartozik, hogy a magyarkanizsai k\u00f6zs\u00e9gben min\u00e9l t\u00f6bben megtanuljanak p\u00e1ly\u00e1zatot \u00edrni, mert az ilyen t\u00edpus\u00fa feladatokat a K\u00f6zpont nem tudja mag\u00e1ra v\u00e1llalni \u2013 nyilatkozta Fejszt\u00e1mer R\u00f3bert, a Tisza Menti Inform\u00e1ci\u00f3s K\u00f6zpont igazgat\u00f3ja. \u201eMag\u00e1t a p\u00e1ly\u00e1zat\u00edr\u00e1st nem lehet elsaj\u00e1t\u00edtani \u00fagy, hogy valaki hallgatja az el\u0151ad\u00f3t \u00e9s n\u00e9ha jegyzetel. A p\u00e1ly\u00e1zat\u00edr\u00e1st mint gyakorlati tev\u00e9kenys\u00e9get, folyamatosan m\u0171velni kell, teh\u00e1t mi most egy l\u00f6k\u00e9st szeretn\u00e9nk biztos\u00edtani azoknak, akik ezzel elkezdenek foglalkozni, \u00e9s term\u00e9szetesen k\u00e9s\u0151bb ott lesz az ICR m\u00f6g\u00f6tt\u00fck.\u201d<\/p>\n<p>A p\u00e1ly\u00e1zat\u00edr\u00e1s ir\u00e1nt egyre nagyobb ig\u00e9ny mutatkozik a civil szervezetekn\u00e9l, ann\u00e1l is ink\u00e1bb, mivel a kor\u00e1bbi biztos anyagi forr\u00e1sok fokozatos megsz\u0171n\u00e9s\u00e9vel a p\u00e1ly\u00e1zatok biztos\u00edthatj\u00e1k fennmarad\u00e1sukat. Ifj. Hlavinka Imre: \u201eA magyarkanizsai Nada-Rem\u00e9ny civil szervezetet k\u00e9pviselem, amely szoci\u00e1lis probl\u00e9m\u00e1k megold\u00e1s\u00e1val foglalkozik. Mi ezt a lehet\u0151s\u00e9get megpr\u00f3b\u00e1ljuk kihaszn\u00e1lni, hogy min\u00e9l t\u00f6bb p\u00e1ly\u00e1zatot tudjunk lep\u00e1ly\u00e1zni, \u00e9s azzal t\u00e1mogatni tudjuk a r\u00e1szorul\u00f3 csal\u00e1dokat.\u201d<\/p>\n<p>A k\u00f6vetkez\u0151, magasabb szint\u0171 k\u00e9pz\u00e9st a K\u00f6zpont szeptemberre tervezi, amelyen az alaptud\u00e1st kor\u00e1bban megszerzett hallgat\u00f3k mellett a mostani k\u00e9pz\u00e9st elv\u00e9gzett fiatalok \u00e9rdekl\u0151d\u00e9s\u00e9re is sz\u00e1m\u00edtanak.<\/p>\n<p><a href=\"http:\/\/pannonrtv.com\/web\/?p=63616\">Forr\u00e1s: PannonRTV<\/a><\/p>\n<h2><\/h2>\n<h2><\/h2>\n<h2><img loading=\"lazy\" decoding=\"async\" class=\"alignleft size-medium wp-image-3086\" title=\"F. Robert - IPA tabla vhaza\" alt=\"\" src=\"http:\/\/www.icr.rs\/m\/wp-content\/uploads\/2010\/06\/F.-Robert-IPA-tabla-vhaza1-300x200.jpg\" width=\"300\" height=\"200\" srcset=\"http:\/\/www.icr.rs\/m\/wp-content\/uploads\/2010\/06\/F.-Robert-IPA-tabla-vhaza1-300x200.jpg 300w, http:\/\/www.icr.rs\/m\/wp-content\/uploads\/2010\/06\/F.-Robert-IPA-tabla-vhaza1.jpg 570w\" sizes=\"auto, (max-width: 300px) 100vw, 300px\" \/>IPA t\u00e1bla a v\u00e1rosh\u00e1z\u00e1n<\/h2>\n<p>A <strong>Tisza Menti Inform\u00e1ci\u00f3s Fejleszt\u00e9si K\u00f6zpont (ICR)<\/strong> igazgat\u00f3ja, <strong>Fejszt\u00e1mer R\u00f3bert<\/strong> a magyarkanizsai v\u00e1rosh\u00e1za folyos\u00f3j\u00e1n tartott sajt\u00f3t\u00e1j\u00e9koztat\u00f3t azok a t\u00e1bl\u00e1k el\u0151tt, amelyek a 2010 janu\u00e1rja \u00e9s 2012 janu\u00e1rja k\u00f6z\u00f6tti id\u0151szakban folyt IPA-programokat tan\u00fas\u00edtj\u00e1k.<br \/>\nElmond\u00e1sa szerint az Eur\u00f3pai Uni\u00f3 \u00e1ltal t\u00e1mogatott, \u00fagynevezett MSP IPA 2007-es program az \u00f6nkorm\u00e1nyzatoknak sz\u00f3lt. Val\u00f3j\u00e1ban nem konkr\u00e9t anyagi t\u00e1mogat\u00e1sr\u00f3l volt sz\u00f3, hanem technikai seg\u00edts\u00e9gny\u00fajt\u00e1sr\u00f3l \u00e9s az emberi er\u0151forr\u00e1sok k\u00e9pz\u00e9s\u00e9r\u0151l. Az elm\u00falt h\u00e1rom\u00e9ves id\u0151szak alatt a magyarkanizsai \u00f6nkorm\u00e1nyzat h\u00e1rom projektumban is sikeresen p\u00e1ly\u00e1zott, \u00e9s a h\u00e1rom projektumban \u00f6sszesen t\u00f6bb mint 50 \u00f6nkorm\u00e1nyzati alkalmazott vett r\u00e9szt k\u00fcl\u00f6nb\u00f6z\u0151 ter\u00fcletekr\u0151l. Az akci\u00f3tervek \u00e9s a strat\u00e9gi\u00e1k kidolgoz\u00e1s\u00e1ban minden egyes szektorb\u00f3l r\u00e9szt vettek, \u00e9s nemcsak \u00f6nkorm\u00e1nyzati alkalmazottak, hanem az \u00f6nkorm\u00e1nyzati int\u00e9zm\u00e9nyekben dolgoz\u00f3k is.<br \/>\nA h\u00e1rom p\u00e1ly\u00e1zat k\u00f6z\u00fcl az els\u0151 az \u00f6nkorm\u00e1nyzati programozott k\u00f6lts\u00e9gvet\u00e9s elk\u00e9sz\u00edt\u00e9sre vonatkoz\u00f3 k\u00e9pz\u00e9st c\u00e9lozta \u00e9s 2010-es \u00e9v folyam\u00e1n z\u00e1rult le. A k\u00f6vetkez\u0151 program, amiben r\u00e9szt vett \u00f6nkorm\u00e1nyzatunk, a strat\u00e9giai terv \u00e9s az akci\u00f3tervek elk\u00e9sz\u00edt\u00e9se volt. A harmadik projektumban technikai seg\u00edts\u00e9get nyert az \u00f6nkorm\u00e1nyzat, a nagybefektet\u00e9seknek a programoz\u00e1sa \u00e9s koordin\u00e1ci\u00f3ja t\u00e9mak\u00f6r\u00e9ben.<\/p>\n<p><a href=\"http:\/\/www.kanjiza.rs\/hun\/icr20130123\">Forr\u00e1s<\/a><\/p>\n<h2>Magyarkanizsa: Tan\u00e1cskoz\u00e1s a hat\u00e1r\u00e1tkel\u0151kr\u0151l<\/h2>\n<p><img loading=\"lazy\" decoding=\"async\" class=\"alignleft size-medium wp-image-3020\" title=\"Border crossing\" alt=\"\" src=\"http:\/\/www.icr.rs\/m\/wp-content\/uploads\/2010\/06\/Border-crossing-300x225.jpg\" width=\"300\" height=\"225\" srcset=\"http:\/\/www.icr.rs\/m\/wp-content\/uploads\/2010\/06\/Border-crossing-300x225.jpg 300w, http:\/\/www.icr.rs\/m\/wp-content\/uploads\/2010\/06\/Border-crossing.jpg 350w\" sizes=\"auto, (max-width: 300px) 100vw, 300px\" \/><\/p>\n<p>A K\u00f6z\u00fati hat\u00e1r\u00e1tkel\u0151helyek megnyit\u00e1s\u00e1nak \u00e9s fejleszt\u00e9s\u00e9nek m\u0171szaki, gazdas\u00e1gi \u00e9s k\u00f6rnyezeti felt\u00e9telei a szerb-magyar hat\u00e1rszakaszon, Szerbia tervezett EU-csatlakoz\u00e1s\u00e1nak figyelembe v\u00e9tel\u00e9vel c\u00edm\u0171 projekt z\u00e1r\u00f3 konferenci\u00e1j\u00e1t tartott\u00e1k meg kedden Magyarkanizs\u00e1n.<\/p>\n<p>A tan\u00e1cskoz\u00e1s r\u00e9sztev\u0151it Fejszt\u00e1mer R\u00f3bert, a Region\u00e1lis Inform\u00e1ci\u00f3s K\u00f6zpont igazgat\u00f3ja k\u00f6sz\u00f6nt\u00f6tte. Bevezet\u0151j\u00e9ben elmondta, hogy a projekt f\u0151 kedvezm\u00e9nyezettje a kecskem\u00e9ti sz\u00e9khely\u0171 Tudom\u00e1nyos Ismeretterjeszt\u0151 T\u00e1rsulat B\u00e1cs-Kiskun Megyei Egyes\u00fclete, a m\u00e1sik szakmai partner pedig Magyarkanizsa \u00f6nkorm\u00e1nyzata. A t\u00f6bb mint 223 ezer eur\u00f3 \u00e9rt\u00e9k\u0171 projekt 14 h\u00f3napig tartott.<\/p>\n<p>Az egybegy\u0171lteket Nyilas Mih\u00e1ly magyarkanizsai polg\u00e1rmester is k\u00f6sz\u00f6nt\u00f6tte. Alkalmi besz\u00e9d\u00e9ben kiemelte, hogy a mai z\u00e1r\u00f3 konferenci\u00e1n egy olyan t\u00e9m\u00e1r\u00f3l tan\u00e1cskoznak, amely a magyarkanizsai k\u00f6zs\u00e9g polg\u00e1rait k\u00f6zvetlen\u00fcl \u00e9rinti.<\/p>\n<p>A r\u00e9gi horgosi hat\u00e1r\u00e1tkel\u0151helyr\u0151l is sz\u00f3 lesz abban a tanulm\u00e1nyban, amelyr\u0151l majd szakmai el\u0151ad\u00e1sok hangzanak el, s ez a tanulm\u00e1ny jelent\u0151sen hozz\u00e1j\u00e1rulhat ahhoz, hogy a r\u00e9gi horgosi hat\u00e1r\u00e1tkel\u0151 ism\u00e9t megny\u00edljon, term\u00e9szetesen egy\u00fattal a r\u00f6szkei \u00e9s szegedi valamint m\u00e1s hat\u00e1r menti telep\u00fcl\u00e9s lakoss\u00e1g\u00e1nak megel\u00e9ged\u00e9s\u00e9re \u2013 mondta az el\u00f6lj\u00e1r\u00f3, majd hozz\u00e1tette: sz\u00e1mukra fontos, hogy a projekt eur\u00f3pai uni\u00f3s t\u00e1mogat\u00e1sban r\u00e9szes\u00fclt \u00e9s, hogy partnerek vagyunk ebben a projektben. Id\u0151k\u00f6zben j\u00f3 h\u00edr \u00e9rkezett, hiszen a Szerbiai Parlament a m\u00falt h\u00e9t cs\u00fct\u00f6rt\u00f6k\u00e9n becikkelyezte azt a nemzetk\u00f6zi meg\u00e1llapod\u00e1st, amelyet Pint\u00e9r S\u00e1ndor magyar \u00e9s Ivica Da\u010di\u0107 szerb bel\u00fcgyminiszter janu\u00e1r 24-\u00e9n Horgoson al\u00e1\u00edrt. A Magyar Orsz\u00e1ggy\u0171l\u00e9s a ratifik\u00e1ci\u00f3ra m\u00e1r febru\u00e1rban sort ker\u00edtett, n\u00e1lunk azonban, nyilv\u00e1n a v\u00e1laszt\u00e1si elj\u00e1r\u00e1s elh\u00faz\u00f3d\u00e1sa miatt ezt csak most ejtett\u00e9k meg. Ennek mindenk\u00e9ppen \u00f6r\u00fcln\u00fcnk kell, mert a meg\u00e1llapod\u00e1s t\u00f6rv\u00e9nyer\u0151re l\u00e9pett, teh\u00e1t a dokumentum r\u00e9szletesen szab\u00e1lyozza t\u00f6bbek k\u00f6zt a r\u00e9gi horgosi \u00e9s az \u00faj kir\u00e1lyhalmi hat\u00e1r\u00e1tkel\u0151 hasznos\u00edt\u00e1s\u00e1t is. A l\u00e9nyeg az, hogy a k\u00e9t orsz\u00e1g egyet\u00e9rtett ebben a k\u00e9rd\u00e9sben \u00e9s a hat\u00e1r\u00e1tkel\u0151k m\u0171k\u00f6dtet\u00e9se azonnal megkezd\u0151dhet, amint a megfelel\u0151 technikai \u00e9s infrastruktur\u00e1lis felt\u00e9telek adottak lesznek. A horgos-r\u00f6szkei hat\u00e1rn\u00e1l csak ellen\u0151rz\u0151 pont lesz, m\u00e9gpedig a magyar oldalon, ahol a szerb \u00e9s a magyar hat\u00e1rszervek egy\u00fctt dolgoznak majd. A hat\u00e1r\u00e1tkel\u0151 7 \u00f3r\u00e1t\u00f3l 19 \u00f3r\u00e1ig m\u0171k\u00f6dik, a nemzetk\u00f6zi forgalom bonyol\u00f3dik rajta, azzal a kik\u00f6t\u00e9ssel, hogy els\u0151dlegesen a gyalogosok \u00e9s azok a j\u00e1rm\u0171vek vehetik ig\u00e9nybe, akik, illetve amelyek a meglev\u0151 hat\u00e1r\u00e1tkel\u0151helyet nem haszn\u00e1lhatj\u00e1k. A sz\u00fcks\u00e9ges infrastrukt\u00fara ki\u00e9p\u00edt\u00e9se m\u00e9g v\u00e1rat mag\u00e1ra, \u00e9ppen ez\u00e9rt a kil\u00e1t\u00e1sok szerint ez a hat\u00e1r\u00e1tkel\u0151 csak j\u00f6v\u0151re ny\u00edlhat meg- hangs\u00falyozta a polg\u00e1rmester, aki arra is r\u00e1mutatott, hogy egy eur\u00f3pai uni\u00f3s p\u00e1ly\u00e1zatr\u00f3l a meg\u00e1llapod\u00e1s becikkelyez\u00e9s\u00e9nek k\u00e9sleked\u00e9se miatt m\u00e1r lemaradtunk, ez\u00e9rt m\u00e1s megold\u00e1st kell keresni. A polg\u00e1rmester v\u00e9gezet\u00fcl kihangs\u00falyozta, hogy a magyarkanizsai \u00f6nkorm\u00e1nyzat mindent megtesz annak \u00e9rdek\u00e9ben, hogy megk\u00f6nny\u00edtse polg\u00e1rai sz\u00e1m\u00e1ra a hat\u00e1r\u00e1tkel\u00e9st, mindaddig, am\u00edg hat\u00e1rok lesznek, att\u00f3l f\u00fcggetlen\u00fcl, hogy Szerbia eur\u00f3pai integr\u00e1l\u00f3d\u00e1s\u00e1t illet\u0151en teljes a bizonytalans\u00e1g.<\/p>\n<p>A z\u00e1r\u00f3 konferenci\u00e1n a k\u00f6z\u00f6sen kidolgozott tanulm\u00e1nyr\u00f3l szakmai besz\u00e1mol\u00f3t tartott magyar r\u00e9szr\u0151l J\u00e1ki M\u00f3nika, Marti Zsuzsa \u00e9s Antal Istv\u00e1n, a magyarkanizsai partner megb\u00edz\u00e1s\u00e1b\u00f3l pedig Jeges Ern\u0151 a projekt itteni szakmunkat\u00e1rsa.<\/p>\n<p>ro.<\/p>\n<p><a href=\"http:\/\/www.vajma.info\/cikk\/vajdasag\/14443\/Magyarkanizsa-Tanacskozas-a-hataratkelokrol.html\">Forr\u00e1s: Vajdas\u00e1gMA<\/a><\/p>\n<p>&nbsp;<\/p>\n<h2>Fogatos kocsival a hat\u00e1ron \u00e1t<\/h2>\n<p><img loading=\"lazy\" decoding=\"async\" class=\"alignleft size-medium wp-image-3001\" title=\"Robi13ipa\" alt=\"\" src=\"http:\/\/www.icr.rs\/m\/wp-content\/uploads\/2010\/06\/Robi13ipa-300x163.jpg\" width=\"300\" height=\"163\" srcset=\"http:\/\/www.icr.rs\/m\/wp-content\/uploads\/2010\/06\/Robi13ipa-300x163.jpg 300w, http:\/\/www.icr.rs\/m\/wp-content\/uploads\/2010\/06\/Robi13ipa.jpg 490w\" sizes=\"auto, (max-width: 300px) 100vw, 300px\" \/>A v\u00e9g\u00e9hez k\u00f6zeledik a szerb\u2013magyar k\u00f6z\u00fati \u00e1tkel\u0151helyek t\u00e9mak\u00f6r\u00e9t taglal\u00f3 IPA-projektum \u2013 Kiemelt szerepet kap a horgosi r\u00e9gi \u00e1tkel\u0151 \u00fajb\u00f3li megnyit\u00e1sa<\/p>\n<p>A K\u00f6z\u00fati hat\u00e1r\u00e1tkel\u0151helyek megnyit\u00e1s\u00e1nak \u00e9s fejleszt\u00e9seinek m\u0171szaki, gazdas\u00e1gi \u00e9s k\u00f6rnyezeti felt\u00e9telei a szerb\u2013magyar hat\u00e1rszakaszon, Szerbia tervezett EU-csatlakoz\u00e1s\u00e1nak figyelembe v\u00e9tel\u00e9vel c\u00edm\u0171 projektumr\u00f3l tartottak kedden sajt\u00f3t\u00e1j\u00e9koztat\u00f3t Magyarkanizs\u00e1n az \u00f6nkorm\u00e1nyzat szervez\u00e9s\u00e9ben.<br \/>\n<strong><\/strong><\/p>\n<p><strong>Fejszt\u00e1mer R\u00f3bert, a Tisza Menti Inform\u00e1ci\u00f3s Fejleszt\u00e9si K\u00f6zpont igazgat\u00f3ja<\/strong> \u00e9s Jeges Ern\u0151 k\u00f6zleked\u00e9studom\u00e1nyi m\u00e9rn\u00f6k, a projektum levezet\u00e9s\u00e9nek szakmunkat\u00e1rsa sz\u00e1molt be arr\u00f3l, hogy a kecskem\u00e9ti sz\u00e9khely\u0171 Tudom\u00e1nyos Ismeretterjeszt\u0151 T\u00e1rsulat B\u00e1cs-Kiskun Megyei Egyes\u00fclete a Magyarorsz\u00e1g\u2013Szerbia IPA Hat\u00e1ron \u00c1tny\u00fal\u00f3 Egy\u00fcttm\u0171k\u00f6d\u00e9si Program keret\u00e9ben elnyerte a projektum kidolgoz\u00e1s\u00e1nak jog\u00e1t, \u00e9s szerbiai partnere Magyarkanizsa \u00f6nkorm\u00e1nyzata.<\/p>\n<p>Az egy\u00fcttm\u0171k\u00f6d\u00e9si program c\u00e9lja, hogy az Eur\u00f3pai Uni\u00f3 t\u00e1mogat\u00e1s\u00e1val lehet\u0151s\u00e9get biztos\u00edtson a magyar\u2013szerb hat\u00e1rvid\u00e9k k\u00f6z\u00f6s fejleszt\u00e9s\u00e9re egy harmonikus, egy\u00fcttm\u0171k\u00f6d\u0151, fenntarthat\u00f3 \u00e9s biztons\u00e1gos k\u00f6rnyezettel rendelkez\u0151 r\u00e9gi\u00f3 l\u00e9trehoz\u00e1s\u00e1val.<\/p>\n<p>Fejszt\u00e1mer R\u00f3bert k\u00f6z\u00f6lte, hogy a p\u00e1ly\u00e1zatot 2011-ben \u00edrt\u00e1k meg, m\u00e9g annak az \u00e9vnek a v\u00e9g\u00e9n el is b\u00edr\u00e1lt\u00e1k, \u00e9s most a befejez\u00e9s\u00e9hez k\u00f6zeledik a munka, ez\u00e9rt adnak r\u00f3la egy r\u00f6vid \u00f6sszefoglal\u00f3t. A projektum \u00f6sszk\u00f6lts\u00e9ge 223 685 eur\u00f3, ebb\u0151l Magyarkanizsa r\u00e9sze 79 680 eur\u00f3. Mivel a projektum november v\u00e9g\u00e9n befejez\u0151dik, ez\u00e9rt a z\u00e1r\u00f3 konferenci\u00e1t november 20-\u00e1n fogj\u00e1k megtartani Magyarkanizs\u00e1n. Hozz\u00e1tette: a l\u00e9nyege ennek a projektumnak, hogy a szerb\u2013magyar hat\u00e1rszakaszon, Zombor k\u00f6zs\u00e9gt\u0151l T\u00f6r\u00f6kkanizsa k\u00f6zs\u00e9g hat\u00e1r\u00e1ig, k\u00e9sz\u00fclt egy tanulm\u00e1ny, amely azt t\u00e9rk\u00e9pezi fel, melyek a t\u00falterhelt \u00e1tkel\u0151k, hol lehet nyitni \u00fajakat, melyeket lehetne fel\u00faj\u00edt\u00e1ssal \u00fajra haszn\u00e1lni. A magyarkanizsai k\u00f6zs\u00e9g sz\u00e1m\u00e1ra rendk\u00edv\u00fcl fontos a horgosi r\u00e9gi hat\u00e1r\u00e1tkel\u0151 megnyit\u00e1sa a gyalogos, ker\u00e9kp\u00e1ros, de \u00e1ltal\u00e1ban a szem\u00e9lyi forgalom el\u0151tt. A tanulm\u00e1ny h\u00e1rom nyelven lesz el\u00e9rhet\u0151, magyarul, szerb\u00fcl \u00e9s angolul, \u00e9s eljuttatj\u00e1k majd az illet\u00e9kes hat\u00f3s\u00e1gokhoz.<\/p>\n<p>A tanulm\u00e1ny tartalm\u00e1r\u00f3l r\u00e9szletesebben Jeges Ern\u0151 besz\u00e9lt. T\u00f6bbek k\u00f6z\u00f6tt elmondta, hogy nemcsak a hat\u00e1r ment\u00e9n \u00e9l\u0151k sz\u00e1m\u00e1ra fontos a projektum, hanem az \u00e9szak fel\u00e9 utaz\u00f3k sz\u00e1m\u00e1ra is, aj\u00e1nlatokat tesz annak \u00e9rdek\u00e9ben, hogy min\u00e9l jobban megk\u00f6nny\u00edts\u00e9k az \u00e1thalad\u00f3 forgalmat a rokoni, gazdas\u00e1gi, turisztikai kapcsolatok fejleszt\u00e9se \u00e9rdek\u00e9ben. H\u00e1rom id\u0151szakot \u00f6lel fel: a jelenlegit, amikor Szerbia m\u00e9g nem csatlakozott az EU-hoz, majd az el\u0151csatlakoz\u00e1st \u00e9s a csatlakoz\u00e1st k\u00f6vet\u0151 id\u0151szakot. El\u0151ir\u00e1nyozza az \u00fath\u00e1l\u00f3zat fejleszt\u00e9s\u00e9t, \u00fajra nyitott \u00e1tkel\u0151k b\u0151v\u00edt\u00e9s\u00e9t, ut\u00e1na a schengeni hat\u00e1rok elt\u00f6rl\u00e9s\u00e9vel a l\u00e9tes\u00edtm\u00e9nyek hasznos\u00edt\u00e1s\u00e1t, p\u00e9ld\u00e1ul gazdas\u00e1gi, idegenforgalmi vagy m\u00e1s c\u00e9lokra.<\/p>\n<p>Huszonk\u00e9t olyan kapcsol\u00f3d\u00e1si pontot jel\u00f6ltek ki, amelyeket fel kellene fejleszteni pl. \u00fatjav\u00edt\u00e1ssal, ker\u00e9kp\u00e1r\u00fattal, de k\u00fcl\u00f6n figyelmet ford\u00edtanak a vas\u00fath\u00e1l\u00f3zat fejleszt\u00e9s\u00e9re is. Mindez f\u00e9l \u00e9v vagy egy \u00e9v alatt nem fog megval\u00f3sulni, de ahogy fejl\u0151dnek a gazdas\u00e1gi kapcsolatok, ahogy Szerbia k\u00f6zeledik Eur\u00f3p\u00e1hoz, folyamatos l\u00e9p\u00e9sek v\u00e1rhat\u00f3k \u2013 mondta Jeges Ern\u0151. Hangs\u00falyozta, hogy els\u0151dleges c\u00e9ljuk a r\u00e9gi horgosi \u00e1tkel\u0151 miel\u0151bbi megnyit\u00e1sa, mely nemcsak a k\u00f6rnyez\u0151 lakoss\u00e1g \u00e9rdekeit szolg\u00e1ln\u00e1, hanem eg\u00e9sz B\u00e1cska, eg\u00e9sz Vajdas\u00e1g \u00e9rdekeit, \u00e9s tehermentes\u00edten\u00e9 a t\u00f6bbi \u00e1tkel\u0151t. Ugyanakkor m\u00e1sfajta, mez\u0151gazdas\u00e1gi, gazdas\u00e1gi, fogatos, k\u00e9tkerek\u0171 j\u00e1rm\u0171vek \u00e1thalad\u00e1s\u00e1t is lehet\u0151v\u00e9 tenn\u00e9.<\/p>\n<p>El\u0151ir\u00e1nyozt\u00e1k a tervben a gy\u00e1lai \u00e9s a bajmoki \u00e1tkel\u0151k 24 \u00f3r\u00e1s nyitva tart\u00e1s\u00e1t is, a teherg\u00e9pj\u00e1rm\u0171vek teljes fogad\u00e1s\u00e1t a hercegsz\u00e1nt\u00f3i \u00e1tkel\u0151n, B\u00e1cssz\u0151l\u0151s\u00f6n is illene betartani az \u00edg\u00e9rteteket, \u00e9s megnyitni az \u00e1tkel\u0151t, valamint a Nagykikinda feletti h\u00e1rmas hat\u00e1rt 24 \u00f3r\u00e1s m\u0171k\u00f6d\u00e9ssel.<\/p>\n<p>Mindezek megval\u00f3s\u00edt\u00e1s\u00e1hoz p\u00e9nzre \u00e9s akaratra van sz\u00fcks\u00e9g mindk\u00e9t f\u00e9l r\u00e9sz\u00e9r\u0151l, a magyar f\u00e9lben ezek az elk\u00e9pzel\u00e9sek m\u00e1r kiforrtak \u2013 jelentette ki Jeges Ern\u0151, aki szerint a tanulm\u00e1ny lehet\u0151s\u00e9get ny\u00fajt a b\u0151v\u00edt\u00e9sekre, fejleszt\u00e9sekre.<\/p>\n<p>Forr\u00e1s: Magyar Sz\u00f3,<\/p>\n<p>M. M.<br \/>\n2012. okt\u00f3ber 31., szerda<\/p>\n<p>&nbsp;<\/p>\n<p>&nbsp;<\/p>\n<p>&nbsp;<\/p>\n<h2>\u00d6tvenezert\u0151l m\u00e1sf\u00e9l milli\u00f3 eur\u00f3ig<\/h2>\n<p><img loading=\"lazy\" decoding=\"async\" class=\"alignleft size-medium wp-image-2797\" title=\"Robi Ipa3\" alt=\"\" src=\"http:\/\/www.icr.rs\/m\/wp-content\/uploads\/2010\/06\/Robi-Ipa3-211x300.jpg\" width=\"211\" height=\"300\" srcset=\"http:\/\/www.icr.rs\/m\/wp-content\/uploads\/2010\/06\/Robi-Ipa3-211x300.jpg 211w, http:\/\/www.icr.rs\/m\/wp-content\/uploads\/2010\/06\/Robi-Ipa3.jpg 261w\" sizes=\"auto, (max-width: 211px) 100vw, 211px\" \/><br \/>\nA magyarkanizsai \u00f6nkorm\u00e1nyzat felk\u00edn\u00e1lja a k\u00f6telez\u0151 \u00f6nr\u00e9szt az IPA-p\u00e1ly\u00e1zaton nyer\u0151 szervezeteknek<\/p>\n<p><strong>Fejszt\u00e1mer R\u00f3bert,<\/strong> a <strong>magyarkanizsai Tisza Menti Inform\u00e1ci\u00f3s Fejleszt\u00e9si K\u00f6zpont (ICR)<\/strong> igazgat\u00f3ja szerd\u00e1n sajt\u00f3t\u00e1j\u00e9koztat\u00f3n ismertette az IPA hat\u00e1ron \u00e1tny\u00fal\u00f3, Magyarorsz\u00e1g\u2013Szerbia k\u00f6z\u00f6tti szomsz\u00e9ds\u00e1gi program harmadik ki\u00edr\u00e1s\u00e1t. Elmondta, hogy a sajt\u00f3ban az elm\u00falt napokban t\u00e9ves inform\u00e1ci\u00f3k jelentek meg, a p\u00e1ly\u00e1zati ki\u00edr\u00e1s ugyan val\u00f3ban febru\u00e1r 29-\u00e9n jelent meg, de nem m\u00e1rcius 30-\u00e1ig, hanem m\u00e1jus 30-\u00e1ig tart.<br \/>\n\u2013 Ez azt jelenti, hogy 90 nap \u00e1ll mindenkinek a rendelkez\u00e9s\u00e9re ahhoz, hogy el\u0151k\u00e9sz\u00edtse a p\u00e1ly\u00e1zati dokument\u00e1ci\u00f3t. Legal\u00e1bb egy szerbiai szervezetre \u00e9s egy magyarorsz\u00e1gi szervezetre van sz\u00fcks\u00e9g, \u00e9s maximum \u00f6ten v\u00e1llalhatnak partners\u00e9get. A legkisebb \u00f6sszeg att\u00f3l f\u00fcgg\u0151en v\u00e1ltozik, hogy ki milyen priorit\u00e1s\u00fa ter\u00fcletre akarja beadni a p\u00e1ly\u00e1zat\u00e1t. A legmagasabb \u00f6sszeg m\u00e1sf\u00e9l milli\u00f3 eur\u00f3, 50 ezer eur\u00f3n\u00e1l kisebb \u00f6sszegre pedig nem lehet p\u00e1ly\u00e1zni. F\u0151leg a civil szervezeteknek mondom, hogy ha k\u00e9t szervezet p\u00e1ly\u00e1zik, akkor jobban szereti az Eur\u00f3pai Uni\u00f3, ha igazs\u00e1gosan osztj\u00e1k, teh\u00e1t felezik. Ez esetben, ha valaki 50 ezer eur\u00f3ra p\u00e1ly\u00e1zik, akkor 25 ezer eur\u00f3 jut a szerb oldalon a civil szervezetnek \u00e9s 25 ezer eur\u00f3 a magyarorsz\u00e1gi oldalon. Ami egy civil szervezet eset\u00e9ben hatalmas terheket jelenthet, hiszen (mint ahogy eddig is zajlottak az IPA-p\u00e1ly\u00e1zatok) nemcsak a 15 sz\u00e1zal\u00e9kos \u00f6nr\u00e9szt kell biztos\u00edtani, hanem legal\u00e1bb 50\u201360 sz\u00e1zal\u00e9ka kell, hogy legyen a zseb\u00e9ben a p\u00e1ly\u00e1z\u00f3nak, hogy el\u0151finansz\u00edrozni tudja a p\u00e1ly\u00e1zatot \u2013 h\u00edvja fel a figyelmet az ICR igazgat\u00f3ja.<br \/>\nTeh\u00e1t nemcsak 15 sz\u00e1zal\u00e9kos \u00f6nr\u00e9szt kell el\u0151teremteni, hanem legal\u00e1bb 6\u20138 h\u00f3napon kereszt\u00fcl finansz\u00edrozni kell a p\u00e1ly\u00e1zatot. Ha az Eur\u00f3pai Uni\u00f3 megfelel\u0151nek tal\u00e1lja az aktivit\u00e1sokat \u00e9s az elsz\u00e1mol\u00e1st, akkor fogja ut\u00f3lagosan kifizetni a p\u00e1ly\u00e1zaton elnyert \u00f6sszeget. Az is megjelent m\u00e1r a sajt\u00f3ban, hogy a p\u00e1ly\u00e1zati ki\u00edr\u00e1s angol nyelv\u0171, de nemcsak a p\u00e1ly\u00e1zatot kell angol nyelven meg\u00edrni, hanem a kommunik\u00e1ci\u00f3 is angol nyelv\u0171, a levezet\u00e9s, elsz\u00e1mol\u00e1s, jelent\u00e9st\u00e9telek. A szervezeten bel\u00fcl legal\u00e1bb egy, az angol nyelvet t\u00f6k\u00e9letesen besz\u00e9l\u0151 szem\u00e9lynek kell lennie. A hat\u00e1rid\u0151 6 h\u00f3napt\u00f3l 18 h\u00f3napig terjedhet \u2013 mondta Fejszt\u00e1mer R\u00f3bert.<br \/>\nK\u00f6z\u00f6lte, hogy a magyarkanizsai \u00f6nkorm\u00e1nyzat \u2013 egyik m\u00e1s szerbiai \u00f6nkorm\u00e1nyzat se kezdem\u00e9nyezett ilyet! \u2013 minden nyertes p\u00e1ly\u00e1z\u00f3nak f\u00f6laj\u00e1nlja a 15 sz\u00e1zal\u00e9kos \u00f6nr\u00e9sz biztos\u00edt\u00e1s\u00e1t. K\u00e9rv\u00e9nyezni kell ezt a t\u00e1mogat\u00e1st, miel\u0151tt beadn\u00e1k a p\u00e1ly\u00e1zatot, \u00e9s az \u00f6nkorm\u00e1nyzat tan\u00e1csa fog d\u00f6nteni, hogy a t\u00e9mak\u00f6r, az aktivit\u00e1s milyen priorit\u00e1st \u00e9lvez a k\u00f6zs\u00e9g sz\u00e1m\u00e1ra, mert ha sok p\u00e1ly\u00e1zat lesz, akkor az els\u0151bbs\u00e9gi sorrend d\u00f6nt.<br \/>\nA t\u00e1mogat\u00e1st csak a k\u00f6zs\u00e9g ter\u00fclet\u00e9n m\u0171k\u00f6d\u0151 \u00e9s itt bejegyzett szervezetek ig\u00e9nyelhetik. A sz\u00fcks\u00e9ges inform\u00e1ci\u00f3kat, ki\u00edr\u00e1st, seg\u00edts\u00e9get az ICR honlapj\u00e1n (www.icr.rs) tal\u00e1lj\u00e1k, illetve telefonon, szem\u00e9lyesen is k\u00e9rhetik az \u00e9rdekeltek.<br \/>\nArra a k\u00e9rd\u00e9sre, hogy a magyarkanizsai k\u00f6zs\u00e9gben l\u00e9tezik-e olyan civil er\u0151, ami egy ilyen p\u00e1ly\u00e1zatot el\u0151finansz\u00edrozni tudna, Fejszt\u00e1mer R\u00f3bert azt v\u00e1laszolta, hogy tudom\u00e1s\u00e1val nem, de vannak jelz\u00e9s szint\u0171 jelentkez\u00e9sek.<\/p>\n<p>Forr\u00e1s: Magyar Sz\u00f3, M. M.<\/p>\n<p>&nbsp;<\/p>\n<h2>Sz\u00f6k\u0151kutas z\u00f6ld arculat<\/h2>\n<p><img loading=\"lazy\" decoding=\"async\" class=\"alignleft size-full wp-image-2736\" title=\"s13terv\" alt=\"\" src=\"http:\/\/www.icr.rs\/m\/wp-content\/uploads\/2010\/06\/s13terv.jpg\" width=\"300\" height=\"190\" \/><strong>H\u00e1rom idegenforgalmi tanulm\u00e1nyt ismertettek 2012. janu\u00e1r 17-\u00e9n Magyarkanizs\u00e1n<\/strong><\/p>\n<p>Magyarkanizsa \u00faj arculata c\u00edmmel h\u00e1rom turisztikai tanulm\u00e1nyt mutattak be kedden a magyarkanizsai v\u00e1rosh\u00e1z\u00e1n annak a projektumnak a keret\u00e9ben, amely uni\u00f3s t\u00e1mogat\u00e1ssal zajlik.<br \/>\nA rom\u00e1n\u2013szerb, hat\u00e1ron \u00e1t\u00edvel\u0151 IPA egy\u00fcttm\u0171k\u00f6d\u00e9si programban a Turisztikai kapacit\u00e1sok n\u00f6vel\u00e9se a B\u00e1n\u00e1ti-r\u00e9gi\u00f3ban c\u00edm\u0171 projektum f\u0151 hordoz\u00f3ja a magyarkanizsai \u00f6nkorm\u00e1nyzat, partnerei itthonr\u00f3l T\u00f6r\u00f6kkanizsa k\u00f6zs\u00e9g \u00e9s Pancsova v\u00e1rosa, valamint a hat\u00e1ron t\u00falr\u00f3l a Banat Ripensis Fejleszt\u00e9si T\u00e1rsas\u00e1g (Zsombolya, Rom\u00e1nia).<\/p>\n<p><strong>Fejszt\u00e1mer R\u00f3bert, a Tisza Menti Inform\u00e1ci\u00f3s Fejleszt\u00e9si K\u00f6zpont igazgat\u00f3ja<\/strong> a bevezet\u0151ben elmondta, hogy a projektum sor\u00e1n h\u00e1rom, magyarkanizsai vonatkoz\u00e1s\u00fa megval\u00f3s\u00edthat\u00f3s\u00e1gi tanulm\u00e1ny k\u00e9sz\u00fclt: a F\u0151 utca rendez\u00e9si terve, valamint a kempingt\u00e1bor \u00e9s a Hal\u00e1sz t\u00e9r rendez\u00e9si terve. Emellett k\u00f6zbeszerez\u00e9si elj\u00e1r\u00e1s indult egy \u00faj, modern sz\u00ednpad beszerz\u00e9s\u00e9re, valamint a tiszai m\u00f3l\u00f3k fel\u00faj\u00edt\u00e1s\u00e1t is tervezik.<\/p>\n<p>Vastag Tibor, a szakmai csoport koordin\u00e1tora besz\u00e1molt r\u00f3la, hogy egy kutat\u00e1s el\u0151zte meg az \u00e1tfog\u00f3 turisztikai fejleszt\u00e9si terv kidolgoz\u00e1s\u00e1t, s hogy a Magyarorsz\u00e1gon m\u00e1r m\u0171k\u00f6d\u0151 tapasztalatokat vett\u00e9k \u00e1t. A hat h\u00f3napos munka sor\u00e1n k\u00fcl\u00f6n-k\u00fcl\u00f6n dolgozt\u00e1k ki ugyan a h\u00e1rom tanulm\u00e1nyt, de egys\u00e9gk\u00e9nt kezelt\u00e9k a ter\u00fcleteket. A koordin\u00e1tor kiemelte, hogy minden infrastruktur\u00e1lis fejleszt\u00e9s alapja a terel\u0151\u00fat ki\u00e9p\u00edt\u00e9se.<\/p>\n<p>T\u00f3th Vilmos szak\u00e1gi vezet\u0151 r\u00e9szletesen ismertette az \u00faj arculat ism\u00e9rveit, t\u00f6bbek k\u00f6z\u00f6tt k\u00f6zt\u00e9ri szobrok, sz\u00f6k\u0151kutak elhelyez\u00e9s\u00e9t, a F\u0151 utca szakaszonk\u00e9nti haszn\u00e1lat\u00e1nak form\u00e1it, az \u00e1tj\u00e1rhat\u00f3s\u00e1got, kapcsot a gy\u00f3gyf\u00fcrd\u0151, a s\u00e9t\u00e1l\u00f3utca \u00e9s a Tisza-part k\u00f6z\u00f6tt. Meg\u00fajul\u00f3 \u00e9s rendezett z\u00f6ld\u00f6vezetek, zen\u00e9s \u00e9s f\u00e9nyj\u00e1t\u00e9kos sz\u00f6k\u0151kutakkal \u00e9kes\u00edtett k\u00f6zterek jellemzik majd Magyarkanizsa \u00faj arculat\u00e1t a turisztikai tanulm\u00e1nyok alapj\u00e1n. Egy dolog azonban nem v\u00e1ltozik a szakmai csoport szerint: Magyarkanizsa a l\u00e1tv\u00e1nyos meg\u00fajul\u00e1s mellett is a cs\u00f6nd v\u00e1rosa marad.<\/p>\n<p>M. M.<\/p>\n<p>Forr\u00e1s: Magyar Sz\u00f3, 2012.01.17.<\/p>\n<p>&nbsp;<\/p>\n<h2>K\u00f6z\u00f6s \u00e1rv\u00edzv\u00e9delmi int\u00e9zked\u00e9sek<\/h2>\n<p><a href=\"http:\/\/youtu.be\/DT7wPwBUj1U\"><img loading=\"lazy\" decoding=\"async\" class=\"alignleft size-medium wp-image-2701\" title=\"FRobert\" alt=\"\" src=\"http:\/\/www.icr.rs\/m\/wp-content\/uploads\/2010\/06\/FRobert-300x201.jpg\" width=\"300\" height=\"201\" srcset=\"http:\/\/www.icr.rs\/m\/wp-content\/uploads\/2010\/06\/FRobert-300x201.jpg 300w, http:\/\/www.icr.rs\/m\/wp-content\/uploads\/2010\/06\/FRobert.jpg 482w\" sizes=\"auto, (max-width: 300px) 100vw, 300px\" \/><\/a><\/p>\n<p>&nbsp;<\/p>\n<p>K\u00f6z\u00f6s \u00e1rv\u00edzv\u00e9delmi int\u00e9zked\u00e9seket val\u00f3s\u00edtanak meg \u00e9s \u00e1rv\u00edz-el\u0151rejelz\u0151 rendszert \u00e9p\u00edtenek ki egy magyar-szerb hat\u00e1ron \u00e1t\u00edvel\u0151 IPA-projekt keret\u00e9ben. A z\u00e1r\u00f3konferenci\u00e1t Magyarkanizs\u00e1n tartott\u00e1k.<\/p>\n<p>&nbsp;<\/p>\n<p>&nbsp;<\/p>\n<p>Forr\u00e1s: Pannon RTV<\/p>\n<p>&nbsp;<\/p>\n<h2>Munkan\u00e9lk\u00fcliekb\u0151l v\u00e1llalkoz\u00f3k<\/h2>\n<p><a href=\"http:\/\/youtu.be\/hq6gNkSXwlc\"><img loading=\"lazy\" decoding=\"async\" class=\"alignleft size-medium wp-image-2664\" title=\"Instruktivna obuka 21.11.2011. 005 (600 x 450)\" alt=\"\" src=\"http:\/\/www.icr.rs\/m\/wp-content\/uploads\/2010\/06\/Instruktivna-obuka-21.11.2011.-005-600-x-450-300x225.jpg\" width=\"300\" height=\"225\" srcset=\"http:\/\/www.icr.rs\/m\/wp-content\/uploads\/2010\/06\/Instruktivna-obuka-21.11.2011.-005-600-x-450-300x225.jpg 300w, http:\/\/www.icr.rs\/m\/wp-content\/uploads\/2010\/06\/Instruktivna-obuka-21.11.2011.-005-600-x-450.jpg 600w\" sizes=\"auto, (max-width: 300px) 100vw, 300px\" \/><\/a>A k\u00e9pz\u00e9seknek k\u00f6sz\u00f6nhet\u0151en az id\u00e9n tizenh\u00e9t munkan\u00e9lk\u00fcli ind\u00edtott saj\u00e1t v\u00e1llalkoz\u00e1st a magyarkanizsai k\u00f6zs\u00e9gben<\/p>\n<p>Informat\u00edv k\u00e9pz\u00e9st tartott tegnap a Tisza Menti Inform\u00e1ci\u00f3s Fejleszt\u00e9si K\u00f6zpont (ICR) a munkan\u00e9lk\u00fcliek sor\u00e1b\u00f3l kiker\u00fclt, potenci\u00e1lis v\u00e1llalkoz\u00f3k sz\u00e1m\u00e1ra.<br \/>\nA k\u00e9pz\u00e9s egyetlen c\u00e9lt szolg\u00e1l: seg\u00edtik azokat, akik v\u00e1llalkoz\u00e1st szeretn\u00e9nek nyitni az elk\u00f6vetkez\u0151 id\u0151szakban, \u00e9s szeretn\u00e9nek p\u00e1ly\u00e1zni abban a ki\u00edr\u00e1sban, amelyet minden \u00e9vben megjelentet a Nemzeti Foglalkoztat\u00e1si Hivatal janu\u00e1r \u00e9s m\u00e1rcius k\u00f6z\u00f6tt. Vissza nem t\u00e9r\u00edtend\u0151 t\u00e1mogat\u00e1st ugyanis csak az kaphat a v\u00e1llalkoz\u00e1sa beind\u00edt\u00e1s\u00e1hoz, aki v\u00e9gigj\u00e1r egy k\u00e9pz\u00e9st, amit vagy a foglakoztat\u00e1si hivatal tart, vagy m\u00e1s, k\u00fcls\u0151 tan\u00e1csad\u00f3 c\u00e9g. Az ICR ezt a munk\u00e1t hatodik lakalommal v\u00e1llalta fel.<br \/>\nFejszt\u00e1mer R\u00f3bert, az ICR igazgat\u00f3ja szerint a k\u00e9pz\u00e9s l\u00e9nyege, hogy a potenci\u00e1lis v\u00e1llalkoz\u00f3k megismerj\u00e9k a v\u00e1llalkoz\u00e1s jogi h\u00e1tter\u00e9t, tudjanak \u00fczleti tervet k\u00e9sz\u00edteni, hogy mind gazdas\u00e1gi, mind jogi szempontb\u00f3l felk\u00e9sz\u00fclten tudjanak belefogni a v\u00e1llalkoz\u00e1sba.<br \/>\n\u2013 Tavaly is rendezt\u00fcnk ilyen k\u00e9pz\u00e9seket, tavaly 37-en vettek r\u00e9szt, k\u00f6z\u00fcl\u00fck hatan nyitottak saj\u00e1t v\u00e1llalkoz\u00e1st a k\u00f6zs\u00e9g ter\u00fclet\u00e9n. Az idei \u00e9vben pedig eddig 35 szem\u00e9ly jelent meg ezeken a k\u00e9pz\u00e9seken, a mai nap folyam\u00e1n 17-en jelezt\u00e9k a r\u00e9szv\u00e9tel\u00fcket, \u00edgy \u00f6sszesen 52 potenci\u00e1lis v\u00e1llalkoz\u00f3t k\u00e9pezt\u00fcnk, k\u00e9pez\u00fcnk ki. A mai napig 13 munkan\u00e9lk\u00fcli nyitott saj\u00e1t v\u00e1llalkoz\u00e1st. Mivel az ICR-nek volt egy Inkub\u00e1torh\u00e1z programja is, ezt virtu\u00e1lisan mi tov\u00e1bbvissz\u00fck, hiszen hely\u00fcnk nincs arra, hogy irod\u00e1t vagy termel\u0151i helyet biztos\u00edtsunk a kezd\u0151 v\u00e1llalkoz\u00f3knak. Arra viszont van lehet\u0151s\u00e9g, hogy ezt a k\u00e9pz\u00e9st k\u00f6vet\u0151en, \u00e9s miut\u00e1n kinyitott\u00e1k a v\u00e1llalkoz\u00e1sukat, ut\u00e1na is seg\u00edts\u00fck \u0151ket a munk\u00e1ban, a kezdeti marketingk\u00e9rd\u00e9sekt\u0151l a piacra jut\u00e1son \u00e1t az ad\u00f3probl\u00e9m\u00e1kig, m\u0171k\u00f6dtet\u00e9sig \u2013 k\u00f6z\u00f6lte az ICR igazgat\u00f3ja.<br \/>\nCsak alapszint\u0171 informatikai ismeretek kellettek a jelentkez\u00e9shez, hiszen ma m\u00e1r nehezen lehet elk\u00e9pezni az \u00fcgyvitelt an\u00e9lk\u00fcl, hogy valaki \u00e9rtsen a sz\u00e1m\u00edt\u00f3g\u00e9phez.<br \/>\nMivel az \u00f6nkorm\u00e1nyzat is t\u00e1rs\u00edthat p\u00e9nzeszk\u00f6z\u00f6ket a tartom\u00e1nyi vagy k\u00f6zt\u00e1rsas\u00e1gi p\u00e1ly\u00e1zathoz, a magyarkanizsai t\u00e1rs\u00edtott is erre az \u00e9vre, \u00e9s tervezi a j\u00f6v\u0151 \u00e9vre is. Az idei egy pr\u00f3ba\u00e9v volt, senki se tudta, mekkora lesz az \u00e9rdekl\u0151d\u00e9s. Az idei \u00e9vet alapul v\u00e9ve j\u00f6v\u0151re kisz\u00e1m\u00edthatj\u00e1k, mekkora \u00f6sszeget lehet ehhez a programhoz t\u00e1rs\u00edtani, mondta Fejszt\u00e1mer R\u00f3bert.<br \/>\nAz ICR eddig minden \u00e9vben p\u00e1ly\u00e1zott a k\u00e9pz\u00e9s megszervez\u00e9s\u00e9re, az id\u00e9n is, \u00e9s hab\u00e1r m\u00e9g nem volt elb\u00edr\u00e1l\u00e1s, ink\u00e1bb megel\u0151legezte a k\u00e9pz\u00e9st, mert r\u00e9szvev\u0151k sz\u00e1m\u00e1ra az id\u0151 v\u00e9ges. \u00d6ner\u0151b\u0151l szervezt\u00e9k teh\u00e1t a munk\u00e1t, mert b\u00edzunk benne, hogy minden \u00e9vben lesznek, akik \u00f6nfoglalkoztat\u00e1sba, v\u00e1llalkoz\u00e1sba kezdenek.<br \/>\nA szervez\u0151k nem szorgalmazz\u00e1k, hogy mindenki c\u00e9get nyisson, hiszen alaposan \u00e1t kell gondolni egy ilyen d\u00f6nt\u00e9st, de seg\u00edtenek annak, aki r\u00e1sz\u00e1nja mag\u00e1t. Ha minden \u00e9vben ny\u00edlnak \u00faj v\u00e1llalkoz\u00e1sok a k\u00f6zs\u00e9g ter\u00fclet\u00e9n, akkor meg\u00e9ri \u2013 vallja az ICR igazgat\u00f3ja, \u00e9s teljes m\u00e9rt\u00e9kben igaza van.<\/p>\n<p>Forr\u00e1s: Magyar Sz\u00f3, M.M.<\/p>\n<h2>Hat\u00e1ron \u00e1tny\u00fal\u00f3 v\u00edz\u00fcgyi egy\u00fcttm\u0171k\u00f6d\u00e9s<\/h2>\n<p>Uni\u00f3s t\u00e1mogat\u00e1ssal k\u00f6z\u00f6s, magyar-szerb v\u00edzrajzi modell k\u00e9sz\u00fcl a Tisza Csongr\u00e1dt\u00f3l a Dun\u00e1ig terjed\u0151 szakasz\u00e1r\u00f3l. A projekt megval\u00f3sul\u00e1sa lehet\u0151v\u00e9 teszi a pontosabb v\u00edz\u00e1ll\u00e1s-el\u0151rejelz\u00e9st, \u00e1rv\u00edzhelyzet eset\u00e9n pedig a sz\u00fcks\u00e9ges beavatkoz\u00e1sok meghat\u00e1roz\u00e1s\u00e1t.<\/p>\n<p><a href=\"http:\/\/youtu.be\/5qGKIc1E5J0\"><img loading=\"lazy\" decoding=\"async\" class=\"alignleft size-medium wp-image-2646\" title=\"Vigi Laci\" alt=\"\" src=\"http:\/\/www.icr.rs\/m\/wp-content\/uploads\/2010\/06\/Vigi-Laci-300x216.jpg\" width=\"300\" height=\"216\" srcset=\"http:\/\/www.icr.rs\/m\/wp-content\/uploads\/2010\/06\/Vigi-Laci-300x216.jpg 300w, http:\/\/www.icr.rs\/m\/wp-content\/uploads\/2010\/06\/Vigi-Laci.jpg 469w\" sizes=\"auto, (max-width: 300px) 100vw, 300px\" \/><\/a><\/p>\n<p>&nbsp;<\/p>\n<p>&nbsp;<\/p>\n<p>&nbsp;<\/p>\n<p>&nbsp;<\/p>\n<p>&nbsp;<\/p>\n<p>&nbsp;<\/p>\n<p>&nbsp;<\/p>\n<p>&nbsp;<\/p>\n<p>&nbsp;<\/p>\n<p>Forr\u00e1s: Pannon RTV<\/p>\n<p>&nbsp;<\/p>\n<p>&nbsp;<\/p>\n<h2>Kis- \u00e9s k\u00f6z\u00e9pv\u00e1llalkoz\u00e1sok fejleszt\u00e9se az IPA hat\u00e1ron \u00e1t\u00edvel\u0151 projektum keret\u00e9ben<\/h2>\n<p><img loading=\"lazy\" decoding=\"async\" class=\"alignleft size-medium wp-image-2627\" title=\"IPA sme sajto\" alt=\"\" src=\"http:\/\/www.icr.rs\/m\/wp-content\/uploads\/2010\/06\/IPA-sme-sajto-300x213.jpg\" width=\"300\" height=\"213\" srcset=\"http:\/\/www.icr.rs\/m\/wp-content\/uploads\/2010\/06\/IPA-sme-sajto-300x213.jpg 300w, http:\/\/www.icr.rs\/m\/wp-content\/uploads\/2010\/06\/IPA-sme-sajto.jpg 490w\" sizes=\"auto, (max-width: 300px) 100vw, 300px\" \/>\u00d6t v\u00e1llalkoz\u00f3, illetve kis- \u00e9s k\u00f6z\u00e9pv\u00e1llalati vezet\u0151 vehette \u00e1t Magyarkanizs\u00e1n azokat az \u00fczleti terveket, amelyek a Magyarorsz\u00e1g\u2013Szerbia IPA Hat\u00e1ron \u00c1tny\u00fal\u00f3 Egy\u00fcttm\u0171k\u00f6d\u00e9si Program keret\u00e9ben k\u00e9sz\u00fcltek.<\/p>\n<p>A kis- \u00e9s k\u00f6z\u00e9pv\u00e1llalkoz\u00e1sokhoz f\u0171z\u0151d\u0151 szolg\u00e1ltat\u00e1sok tartalmi fejleszt\u00e9se, \u00e9s egy egys\u00e9ges \u00fczletfejleszt\u00e9si h\u00e1l\u00f3zat megalap\u00edt\u00e1sa \u00e9s \u00fczemeltet\u00e9se c\u00edmet visel\u0151 projektum c\u00e9lja a hat\u00e1rokon \u00e1tny\u00fal\u00f3 kereskedelmi \u00e9s v\u00e1llalkoz\u00f3i h\u00e1l\u00f3zatok fejleszt\u00e9se, k\u00f6z\u00f6s beruh\u00e1z\u00e1s-\u00f6szt\u00f6nz\u00e9s \u00e9s t\u0151kebefektet\u00e9s \u00e1ltal. A t\u00f6bb mint 90 ezer eur\u00f3 \u00f6ssz\u00e9rt\u00e9k\u0171 projektum f\u0151 kedvezm\u00e9nyezettje a magyarkanizsai \u00f6nkorm\u00e1nyzata volt, partnere pedig a m\u00f3rahalmi Homokh\u00e1ti \u00d6nkorm\u00e1nyzatok Kist\u00e9rs\u00e9gi Ter\u00fcletfejleszt\u00e9si Egyes\u00fclete.<br \/>\n\u2013 A projektum 2010. augusztus 1-j\u00e9n kezd\u0151d\u00f6tt, \u00e9s 2011. j\u00falius 31-\u00e9n z\u00e1rult. A mai napon \u00e1tadjuk azokat az \u00fczleti terveket, melyek a projektumon bel\u00fcl k\u00e9sz\u00fcltek. Sz\u00e1m szerint 9, eur\u00f3pai alap\u00fa \u00fczleti terv, teh\u00e1t fejleszt\u00e9si dokumentum k\u00e9sz\u00fclt el, magyarorsz\u00e1gi \u00e9s szerbiai c\u00e9geknek, ebb\u0151l hat a szerbiai c\u00e9gek sz\u00e1m\u00e1ra szerb \u00e9s magyar nyelven. Ezeket az \u00fczleti terveket adjuk \u00e1t az Elmetal Kft., a Fej\u0151s Kft., a Kra\u010dun-trans, a Mikrocer Kft. \u00e9s a Metalmania Kft. vezet\u0151inek \u2013 k\u00f6z\u00f6lte Fejszt\u00e1mer R\u00f3bert, a projektumot lebonyol\u00edt\u00f3 Tisza Menti Inform\u00e1ci\u00f3s Fejleszt\u00e9si K\u00f6zpont igazgat\u00f3ja.<br \/>\n\u2013 Minden eur\u00f3pai uni\u00f3s projektumnak kell, hogy legyen fenntarthat\u00f3s\u00e1gi r\u00e9sze is, ennek a fenntarthat\u00f3s\u00e1gi eleme egy adatb\u00e1zis, ami egy magyarorsz\u00e1gi szerveren m\u0171k\u00f6dik. A magyarorsz\u00e1gi kist\u00e9rs\u00e9gben \u00e9s a szerbiai kist\u00e9rs\u00e9gben l\u00e9v\u0151 c\u00e9gek t\u00f6lthetik f\u00f6l az adataikat, inform\u00e1ci\u00f3ikat egy k\u00f6z\u00f6s adatb\u00e1zisba, azzal a c\u00e9llal, hogy kapcsolatba ker\u00fcljenek egym\u00e1ssal. Esetleg az eur\u00f3pai uni\u00f3sok a szerbiai piacon vagy a szerbiai c\u00e9gek az uni\u00f3s piacon el\u0151ny\u00f6sebb helyzetbe ker\u00fcljenek \u2013 magyar\u00e1zta Fejszt\u00e1mer R\u00f3bert.<br \/>\n\u00d6t c\u00e9gnek 6 tervet adott \u00e1t, egy c\u00e9gnek ugyanis k\u00e9t \u00fczleti tervet dolgoztak ki. A tervek \u00e9lelmiszeripar, sz\u00e1ll\u00edt\u00e1s, rakt\u00e1roz\u00e1s, infrastrukt\u00fara, idegenforgalom t\u00e9mak\u00f6rben k\u00e9sz\u00fcltek.<br \/>\nVad\u00e1sz K\u00e1vai Piroska, az \u00f6nkorm\u00e1nyzat munkat\u00e1rsa a j\u00f3 csapatmunk\u00e1t emelte ki, \u00e9s a m\u00f3rahalmi \u00f6nkorm\u00e1nyzattal val\u00f3 kiv\u00e1l\u00f3 egy\u00fcttm\u0171k\u00f6d\u00e9st. Kasz\u00e1s Judit p\u00e9nz\u00fcgyi \u00e9s ad\u00f3szak\u00e9rt\u0151 pedig a c\u00e9gek bizalm\u00e1t, nyitotts\u00e1g\u00e1t m\u00e9lt\u00e1nyolta, hiszen a c\u00e9gadatokat ugyanis ki kellett szolg\u00e1ltatni ahhoz, hogy korrekt \u00fczleti terv k\u00e9sz\u00fclj\u00f6n. A hozz\u00e1adott \u00e9rt\u00e9k, hogy a m\u00f3rahalmi kidolgoz\u00f3k az eg\u00e9sz anal\u00edzist az Eur\u00f3pai Uni\u00f3 m\u0171k\u00f6d\u00e9si felt\u00e9teleinek t\u00fckr\u00e9ben figyelt\u00e9k. Dragan Vukovi\u0107 v\u00e1llalkoz\u00f3, moder\u00e1tor szerint sz\u00fcks\u00e9g van ilyen tal\u00e1lkoz\u00f3kra, mert az uni\u00f3s probl\u00e9m\u00e1kkal kezdenek ismerkedni a szomsz\u00e9dos koll\u00e9g\u00e1k seg\u00edts\u00e9g\u00e9vel, \u00e9s a j\u00f6v\u0151ben sokat seg\u00edt a k\u00f6z\u00f6s adatb\u00e1zis.<br \/>\nTandari L\u00e1szl\u00f3 v\u00e1llalkoz\u00f3, aki sz\u00e1m\u00e1ra k\u00e9t \u00fczleti terv is k\u00e9sz\u00fclt, elmondta hogy az egyik a halast\u00f3 fejleszt\u00e9se, a Metalmania ugyanis h\u00e1rom \u00e9ve elkezdte a f\u00e1s\u00edt\u00e1st, erd\u0151s\u00edt\u00e9st 7 hekt\u00e1ron. Azut\u00e1n b\u0151v\u00edtette a ter\u00fcletet 17 hekt\u00e1rra. M\u00e9g egy 5 hekt\u00e1ros t\u00f3 \u00e1s\u00e1sa is tervben van, erre most kezd\u0151dik egy tender vajdas\u00e1gi szinten, \u00e9s pr\u00f3b\u00e1lnak r\u00f6gt\u00f6n indulni rajta. A m\u00e1sik projektum egy \u00f6tlet: pelletgy\u00e1rt\u00e1s a mez\u0151gazdas\u00e1gi \u00e9s erd\u0151gazdas\u00e1gi hullad\u00e9kb\u00f3l. R\u00e9szt vettek a tal\u00e1lkoz\u00f3kon, elmondt\u00e1k az \u00f6tleteiket, amik r\u00e9g\u00f3ta forrnak benn\u00fck, \u00e9s ezek nyom\u00e1n k\u00e9sz\u00fcltek az \u00fczleti tervek. Harminc ember dolgozik a c\u00e9gben, megpr\u00f3b\u00e1lnak folyamatos munk\u00e1t tal\u00e1lni, m\u00e9g ha most sok ir\u00e1nyba indultak is el \u2013 mondta Tandari L\u00e1szl\u00f3.<\/p>\n<p>Forr\u00e1s: Magyar Sz\u00f3, Miskolci Magdolna<\/p>\n<h2>Lez\u00e1rult az egy\u00e9ves IPA projektum<\/h2>\n<p>A projektummal R\u00f6szke \u00e9s Magyarkanizsa a gy\u00e1lai Holt-Tisza revitaliz\u00e1ci\u00f3j\u00e1t c\u00e9lozt\u00e1k meg. A projektum lebonyol\u00edt\u00e1s\u00e1ban az eml\u00edtett \u00f6nkorm\u00e1nyzatok mellett, a magyarkanizsai Tisza Menti Inform\u00e1ci\u00f3s Fejleszt\u00e9si K\u00f6zpont is r\u00e9szt vett.<\/p>\n<p><a href=\"http:\/\/youtu.be\/ngBvCpT-iSE\"><img loading=\"lazy\" decoding=\"async\" class=\"alignleft size-medium wp-image-2596\" title=\"IPa zaro holt tisza\" alt=\"\" src=\"http:\/\/www.icr.rs\/m\/wp-content\/uploads\/2010\/06\/IPa-zaro-holt-tisza-300x209.jpg\" width=\"300\" height=\"209\" srcset=\"http:\/\/www.icr.rs\/m\/wp-content\/uploads\/2010\/06\/IPa-zaro-holt-tisza-300x209.jpg 300w, http:\/\/www.icr.rs\/m\/wp-content\/uploads\/2010\/06\/IPa-zaro-holt-tisza.jpg 488w\" sizes=\"auto, (max-width: 300px) 100vw, 300px\" \/><\/a><\/p>\n<p>&nbsp;<\/p>\n<p>&nbsp;<\/p>\n<p>&nbsp;<\/p>\n<p>&nbsp;<\/p>\n<p>&nbsp;<\/p>\n<p>&nbsp;<\/p>\n<p>&nbsp;<\/p>\n<p>&nbsp;<\/p>\n<p>Forr\u00e1s: Pannon RTV<\/p>\n<h2>Panzi\u00f3s \u00e9s hotelasszisztensi k\u00e9pz\u00e9s Magyarkanizs\u00e1n<\/h2>\n<p><a href=\"http:\/\/youtu.be\/yqXzWUulTy4\"><img decoding=\"async\" class=\"alignleft size-full wp-image-2422\" title=\"FRobert\" alt=\"\" src=\"http:\/\/www.icr.rs\/m\/wp-content\/uploads\/2010\/06\/FRobert.bmp\" \/><\/a><\/p>\n<p>&nbsp;<\/p>\n<p>&nbsp;<\/p>\n<p>&nbsp;<\/p>\n<p>&nbsp;<\/p>\n<p>&nbsp;<\/p>\n<p>&nbsp;<\/p>\n<p>&nbsp;<\/p>\n<p>&nbsp;<\/p>\n<p>&nbsp;<\/p>\n<p>&nbsp;<\/p>\n<p>&nbsp;<\/p>\n<p>&nbsp;<\/p>\n<p>&nbsp;<\/p>\n<p><a href=\"http:\/\/youtu.be\/yqXzWUulTy4\">Forr\u00e1s: Pannon RTV<\/a><\/p>\n<h2>Az informatikai felk\u00e9sz\u00fclts\u00e9get t\u00e1mogatja az Uni\u00f3<\/h2>\n<p>A Tisza-menti k\u00f6zs\u00e9gek informatikai strat\u00e9gi\u00e1ja kidolgoz\u00e1s\u00e1hoz nyert uni\u00f3s t\u00e1mogat\u00e1st a magyarkanizsai <strong>Tisza Menti Inform\u00e1ci\u00f3s Fejleszt\u00e9si K\u00f6zpont<\/strong>. H\u00e9t \u00f6nkorm\u00e1nyzatb\u00f3l \u00e9rkeztek r\u00e9sztvev\u0151k a p\u00e1ly\u00e1zati p\u00e9nzekb\u0151l megszervezett k\u00e9pz\u00e9sre.<\/p>\n<p><a href=\"http:\/\/youtu.be\/_0IR_64tEM8\"><img decoding=\"async\" class=\"alignleft size-full wp-image-2417\" title=\"ICR kep\" alt=\"\" src=\"http:\/\/www.icr.rs\/m\/wp-content\/uploads\/2010\/06\/ICR-kep.bmp\" \/><\/a><\/p>\n<p><strong>Sz\u00e1m\u00edt\u00f3g\u00e9pes k\u00e9pz\u00e9s a k\u00f6zszf\u00e9ra alkalmazottainak<\/strong><\/p>\n<p>A magyarkanizsai Tisza Menti Inform\u00e1ci\u00f3s K\u00f6zpont szervez\u00e9s\u00e9ben ECDL-k\u00e9pz\u00e9s indult a k\u00f6zszf\u00e9r\u00e1ban dolgoz\u00f3k r\u00e9sz\u00e9re.<\/p>\n<h5><span style=\"color: #3366ff;\">A k\u00e9pre kattintva, megtekintheti a sajt\u00f3t\u00e1j\u00e9koztat\u00f3n k\u00e9sz\u00fclt vide\u00f3t.<\/span><\/h5>\n<p><a href=\"http:\/\/youtu.be\/HiHRxu5VnsM\"><img decoding=\"async\" class=\"alignleft size-full wp-image-2342\" title=\"Fejsztamer Robert - ICR\" alt=\"\" src=\"http:\/\/www.icr.rs\/m\/wp-content\/uploads\/2010\/06\/Fejsztamer-Robert-ICR.bmp\" \/><\/a><\/p>\n<p>&nbsp;<\/p>\n<p>&nbsp;<\/p>\n<p>&nbsp;<\/p>\n<p>&nbsp;<\/p>\n<p>&nbsp;<\/p>\n<p>&nbsp;<\/p>\n<p>&nbsp;<\/p>\n<p>&nbsp;<\/p>\n<p>&nbsp;<\/p>\n<p>&nbsp;<\/p>\n<p>&nbsp;<\/p>\n<p>&nbsp;<\/p>\n<p>&nbsp;<\/p>\n<p>&nbsp;<\/p>\n<p>&nbsp;<\/p>\n<p><a href=\"http:\/\/www.pannonrtv.com\/PannonRTV\/news.php\">Forr\u00e1s: Pannon RTV<\/a><\/p>\n<p>&nbsp;<\/p>\n<p>&nbsp;<\/p>\n<p>&nbsp;<\/p>\n<h2><strong>Z\u00f6kken\u0151mentesebb \u00fcgyint\u00e9z\u00e9s<\/strong><\/h2>\n<p><strong><img loading=\"lazy\" decoding=\"async\" class=\"alignleft size-medium wp-image-2249\" title=\"s13zokk\" alt=\"\" src=\"http:\/\/www.icr.rs\/m\/wp-content\/uploads\/2010\/06\/s13zokk-300x212.jpg\" width=\"300\" height=\"212\" srcset=\"http:\/\/www.icr.rs\/m\/wp-content\/uploads\/2010\/06\/s13zokk-300x212.jpg 300w, http:\/\/www.icr.rs\/m\/wp-content\/uploads\/2010\/06\/s13zokk.jpg 490w\" sizes=\"auto, (max-width: 300px) 100vw, 300px\" \/>Magyarkanizs\u00e1n j\u00e1rt Tomislav Stanti\u0107 tartom\u00e1nyi tiszts\u00e9gvisel\u0151<\/strong><\/p>\n<p>Magyarkanizs\u00e1n az \u00f6nkorm\u00e1nyzat \u00e9s a <strong>Tisza Menti Fejleszt\u00e9si K\u00f6zpont<\/strong> vezet\u0151ivel t\u00e1rgyalt Tomislav Stanti\u0107, az \u00f6nkorm\u00e1nyzatok\u00e9rt \u00e9s a k\u00f6zs\u00e9gk\u00f6zi egy\u00fcttm\u0171k\u00f6d\u00e9s\u00e9rt felel\u0151s tartom\u00e1nyi titk\u00e1r. A megbesz\u00e9l\u00e9st k\u00f6vet\u0151en Dukai Anna, a k\u00f6zigazgat\u00e1s vezet\u0151je \u00e9s dr. Bimb\u00f3 Mih\u00e1ly\u00a0 alpolg\u00e1rmester t\u00e1j\u00e9koztatta a vend\u00e9get a gyors \u00e9s hat\u00e9kony \u00fcgyint\u00e9z\u00e9s \u00e9rdek\u00e9ben l\u00e9trehozott \u00fcgyf\u00e9lfogad\u00f3 szolg\u00e1lat munk\u00e1j\u00e1r\u00f3l. Tomislav Stanti\u0107 elmondta, hogy t\u00f6bbek k\u00f6z\u00f6tt a lakoss\u00e1g \u00e9s az \u00f6nkorm\u00e1nyzat k\u00f6z\u00f6tti k\u00f6zvetlen kapcsolatot teremt\u0151 z\u00f6ld sz\u00e1m bevezet\u00e9s\u00e9vel fejlesztik majd az \u00f6nkorm\u00e1nyzatokat.<\/p>\n<p>Mint ismeretes, Magyarkanizs\u00e1n a z\u00f6ld sz\u00e1m a 0800 024 024-es, m\u00e1r r\u00e9g\u00f3ta ingyenesen h\u00edvhat\u00f3 a nap b\u00e1rmely szak\u00e1ban. Az \u00fczenetr\u00f6gz\u00edt\u0151re b\u00e1rki elmondhatja \u2013 legf\u00f6ljebb 2 percben \u2013 a k\u00f6zs\u00e9g m\u0171k\u00f6d\u00e9s\u00e9vel \u00e9s fejleszt\u00e9s\u00e9vel kapcsolatos \u00e9szrev\u00e9tel\u00e9t, k\u00e9rd\u00e9s\u00e9t, v\u00e9lem\u00e9ny\u00e9t. Ha a telefon\u00e1l\u00f3 meghagyja nev\u00e9t \u00e9s telefonsz\u00e1m\u00e1t, akkor az \u00f6nkorm\u00e1nyzat illet\u00e9kesei telefonon v\u00e1laszolnak az \u00e1ltala f\u00f6lvetett k\u00e9rd\u00e9sre, probl\u00e9m\u00e1ra.<\/p>\n<p><a href=\"http:\/\/www.magyarszo.com\/fex.page:2011-02-09_Zokkenomentesebb_ugyintezes.xhtml\">Forr\u00e1s: Magyar Sz\u00f3<\/a><\/p>\n<p>&nbsp;<\/p>\n<h2><strong>T\u00e1nc \u00e9s hagyom\u00e1ny<br \/>\nA Martonosi Roma Egyes\u00fcletr\u0151l<\/strong><\/h2>\n<p><strong> <\/strong><img loading=\"lazy\" decoding=\"async\" class=\"alignleft size-full wp-image-1924\" title=\"Horv\u00e1th \u00c1gnes)\" alt=\"\" src=\"http:\/\/www.icr.rs\/m\/wp-content\/uploads\/2010\/06\/Horv\u00e1th-\u00c1gnes.jpeg\" width=\"250\" height=\"340\" srcset=\"http:\/\/www.icr.rs\/m\/wp-content\/uploads\/2010\/06\/Horv\u00e1th-\u00c1gnes.jpeg 250w, http:\/\/www.icr.rs\/m\/wp-content\/uploads\/2010\/06\/Horv\u00e1th-\u00c1gnes-220x300.jpg 220w\" sizes=\"auto, (max-width: 250px) 100vw, 250px\" \/><em> A t\u00e1ncosok \u2013 a felv\u00e9tel k\u00e9sz\u00edt\u00e9se \u00f3ta m\u00e1r heten vannak (Fot\u00f3: Horv\u00e1th \u00c1gnes) <\/em><\/p>\n<p>M\u00e1jusban lesz egy \u00e9ve, hogy a martonosi rom\u00e1k civil szervezetet alak\u00edtottak Martonosi Roma Egyes\u00fclet n\u00e9v alatt. C\u00e9ljuk a roma nemzeti hagyom\u00e1nyok tov\u00e1bb\u00e9ltet\u00e9se \u00e9s a m\u00e1s nemzetekkel val\u00f3 b\u00e9k\u00e9s egy\u00fctt\u00e9l\u00e9s \u00e1pol\u00e1sa. Az elm\u00falt kilenc h\u00f3napban t\u00e1nccsoportot alak\u00edtottak, az idei \u00e9vre pedig azt tervezik, hogy zenekart alap\u00edtanak. A t\u00e1ncosaik m\u00e1r t\u00f6bb rendezv\u00e9nyen bemutatkoztak, \u00edgy a helyb\u00e9li Karamell Fesztiv\u00e1lon, a fels\u0151hegyi Birkany\u00edr\u00f3 Versenyen \u00e9s az Arat\u00f3\u00fcnneps\u00e9gen, a kispiaci f\u0151z\u0151versenyen \u00e9s a magyarkanizsai P\u00e1sztornapokon. A tavalyi \u00e9vet egy sikeres roma b\u00e1llal z\u00e1rt\u00e1k, melyet a magyarkanizsai Texas vend\u00e9gl\u0151ben tartottak meg.<\/p>\n<p>Petrovi\u0107 Miroslav, a szervezet eln\u00f6ke elmondta, hogy nagy sajn\u00e1latukra a martonosi helyi k\u00f6z\u00f6ss\u00e9g nem seg\u00edtett nekik abban, hogy sz\u00e9khelyet kapjanak a faluban, ez\u00e9rt a civil szervezetet saj\u00e1t otthona c\u00edm\u00e9re kellett regisztr\u00e1lniuk.<\/p>\n<p>Zenekart kellene alap\u00edtani: Petrovi\u0107 Miroslav<\/p>\n<p>\u2013 A helyi k\u00f6z\u00f6ss\u00e9g eln\u00f6ke anyagi neh\u00e9zs\u00e9gekre hivatkozva visszautas\u00edtotta azon k\u00e9relm\u00fcnket, hogy helyet kapjunk egy jelenleg is \u00fcresen \u00e1ll\u00f3 \u00e9p\u00fcletben, de ez nem tartott vissza benn\u00fcnket att\u00f3l, hogy l\u00e9trehozzuk a szervezet\u00fcnket \u2013 mondja. \u2013 Persze, jobb lenne egy val\u00f3di sz\u00e9kh\u00e1z, de rem\u00e9lj\u00fck, el\u0151bb vagy ut\u00f3bb az is meglesz. Ha a helyi k\u00f6z\u00f6ss\u00e9g termet biztos\u00edtana nek\u00fcnk, azt rendben tartan\u00e1nk \u00e9s term\u00e9szetesen a rezsit is fizetn\u00e9nk. A martonosi rom\u00e1k java r\u00e9sze csatlakozott hozz\u00e1nk, \u00e9s ez azt jelenti, hogy a k\u00f6z\u00f6ss\u00e9g\u00fcnknek sz\u00fcks\u00e9ge volt m\u00e1r erre az egyes\u00fcletre. Mi nem az\u00e9rt alakultunk, hogy seg\u00e9lycsomagokat gy\u0171jts\u00fcnk azoknak, akik nem hajland\u00f3ak dolgozni, hanem az\u00e9rt, hogy \u00f6sszefogjuk a helyb\u00e9li rom\u00e1kat \u00e9s k\u00f6z\u00f6sen tegy\u00fcnk valamit a hagyom\u00e1nyaink meg\u0151rz\u00e9s\u00e9\u00e9rt \u00e9s mi is akt\u00edvan kivegy\u00fcnk a r\u00e9sz\u00fcnket a munkahelyteremt\u00e9sben. A szervezethez egyed\u00fcl a Koszov\u00f3r\u00f3l \u00e9rkezett rom\u00e1k nem csatlakoztak. Ami benn\u00fcnket illet, a mi k\u00f6z\u00f6ss\u00e9g\u00fcnk tagjai dolgoznak, a gyermekeink iskol\u00e1ba j\u00e1rnak, \u00e9s b\u00e9k\u00e9sen egy\u00fctt \u00e9l\u00fcnk a magyar lakoss\u00e1ggal. A p\u00e1ly\u00e1zatokr\u00f3l tavaly lek\u00e9st\u00fcnk, de az id\u00e9n S\u00f3ti Gizell\u00e1nak, a magyarkanizsai ICR iroda munkat\u00e1rs\u00e1nak seg\u00edts\u00e9g\u00e9vel p\u00e1ly\u00e1zatot adtunk be a magyarkanizsai \u00f6nkorm\u00e1nyzathoz. Arra k\u00e9rt\u00fcnk p\u00e9nzt, hogy megfelel\u0151 m\u00f3don fel\u00f6lt\u00f6ztethess\u00fck a t\u00e1ncosainkat. Mivel a t\u00e1ncosok k\u00eds\u00e9r\u00e9s\u00e9hez nagyon kellene egy val\u00f3di roma egy\u00fcttes, megpr\u00f3b\u00e1lunk zenekart alap\u00edtani. A faluban sajnos m\u00e1r csak egy id\u0151s roma zen\u00e9sz \u00e9l, de \u0151 legal\u00e1bb m\u00e9g seg\u00edteni tud egy fiatal gener\u00e1ci\u00f3 felnevel\u00e9s\u00e9ben \u2013 hallottuk az eln\u00f6kt\u0151l.<\/p>\n<h2>Forr\u00e1s: <a href=\"http:\/\/magyarszo.com\/fex.page:2011-01-26_Tanc_es_hagyomany.xhtml \" target=\"_blank\">Magyar Sz\u00f3<br \/>\n<\/a><br \/>\n<strong>Predstavljen projekat revitalizacije mrtvaja Tise <\/strong><\/h2>\n<p><img loading=\"lazy\" decoding=\"async\" class=\"alignnone size-full wp-image-47\" title=\"271499845494908960d3a90.88206185\" alt=\"\" src=\"http:\/\/www.icr.rs\/m\/wp-content\/uploads\/2010\/06\/271499845494908960d3a90.88206185.jpeg\" width=\"300\" height=\"229\" \/><\/p>\n<p>Novi Sad, 5. decembar 2008.<\/p>\n<p>&#8211; U okviru ciklusa \u00abEvropa u Vojvodini\u00ab, Pokrajinski sekretarijat za regionalnu i me\u0111unarodnu saradnju organizovao je jo\u0161 jednu konferenciju za novinare na kojoj je predstavljen projekat finansiran od strane EU putem susedskog programa Srbija &#8211; Ma\u0111arska 2007. godine. U okviru projekta \u00bbPove\u0107anje ekolo\u0161kog potencijala pograni\u010dnih mrtvaja reke Tise\u00bb izra\u0111ena je studija o izvodljivosti revitalizacije mrtvaje reke. U realizaciji projekta, op\u0161tina Kanji\u017ea ostvarila je partnersku saradnju sa ma\u0111arskim gradom Segedinom, a izrada je trajala godinu dana. Projekat su predstavili predstavnici Informacionog centra za razvoj Kanji\u017ee.<br \/>\n&#8211; Sekretarijat predstavlja dobre organizacije i projekte iz Vojvodine, koji su do sada imali iskustva u okviru konkursa i fondova EU &#8211; naglasio je Vladimir Pandurov, zamenik resornog sekretara, predstavljaju\u0107i Informacioni centar za razvoj Kanji\u017ee. &#8211; Naime, radi se o jednoj od najuspe\u0161nijih organizacija, koja je do sada sprovela sedam projekata u okviru razli\u010ditih programa EU, \u0161to predstavlja dobar model kori\u0161\u0107enja IPA programa prekograni\u010dne saradnje putem kojih se finasiraju studije izvodljivosti za razli\u010dite infrastrukturne i investicione projekte.<\/p>\n<p>SA ZVANICNOG SAJTA IZVR\u0160NOG VE\u0106A APV<br \/>\nPredsednik konzorcijuma NVO<br \/>\n(Plavi Dunav, GDP, CEDEP)<br \/>\nZoran Jovanovi\u0107<\/p>\n<p><strong>POVE\u0106ANJE EKOLO\u0160KOG POTENCIJALA\u00a0POGRANI\u010cNIH MRTVAJA REKE TISE<\/strong><\/p>\n<p>Upravo se tako zove zajedni\u010dki projekat lokalne samouprave Op\u0161tine Kanji\u017ea i Op\u0161tine Segedin iz Ma\u0111arske za \u010diju je realizaciju Evropska unija odobrila donatorska sredstva u drugom pozivu na konkurs Susedskog programa.<\/p>\n<p>Taj program u Ma\u0111arskoj se zove INTEREG III. Realizacija projekta traja\u0107e 12 meseci a Op\u0161tina Kanji\u017ea je potpisala ugovor 29. Juna 2007, a ukupna vrednost projekta koji realizuje Op\u0161tina Kanji\u017ea iznosi 88 260 Eura, s tim da je u projekat uklju\u010deno sopstveno u\u010de\u0161\u0107e u iznosu od 11% od vrednosti projekta. Partner Op\u0161tine Kanji\u017ea u ovom projektu je i Op\u0161tina Senta. Nosilac celog projekta je i Op\u0161tina Segedin, a vrednost projekta sa Ma\u0111arske strane je ne\u0161to manje od 38 miliona forinti.<\/p>\n<p>Putem ovog projekta ostvari\u0107e se plan rehabilitacije tri pograni\u010dne mrtvaje reke Tise: \u0110alska Mrtva Tisa, Panska Mrtva Tisa (Srbija) i Atka Mrtva Tisa (Ma\u0111arska). U okviru ovog projekta do\u0107i\u0107e do vi\u0161e susreta op\u0161tinskih i stru\u010dnjaka iz dve dr\u017eave, kao i stru\u010dnjaka iz dve dr\u017eave, kao i stru\u010dnjaka na polju vodenih povr\u0161ina \u0161to \u0107e imati za cilj koordinaciju procesa planiranja.<\/p>\n<p>Izrada planova \u0107e se sastojati iz slede\u0107a dva dela:<\/p>\n<p>&#8211; pribavljanje dozvola za rehabilitaciju vodenih povr\u0161ina<\/p>\n<p>&#8211; izrada takozvanog koncepta tj. studije o izvodljivosti i mogu\u0107nosti iskori\u0161\u0107avanja mrtvaja, kao i studija o uticaju na \u017eivotnu sredinu<\/p>\n<p>Prirodno, pri izradi studija o izvodljivosti i uticaja na \u017eivotnu sredinu moraju se uzeti u obzir \u017eelje, mi\u0161ljenja i ideje gra\u0111ana i civilnih organizacija. Na jesen 2007. organizova\u0107e se povezani forumi tj. javne rasprave i izlo\u017ebe u dve srpske (Senta, Kanji\u017ea) i \u010detiri ma\u0111arske (Reske, Al\u0111o, \u0160andorfalva i Segedin-Klesberg-Sentmihalj) op\u0161tine. Ta\u010dan plan odr\u017eavanja javnih rasprava i izlo\u017ebi bi\u0107e naknadno odre\u0111en. Prvi obilasci mrtvaja ve\u0107 su ostvareni.<\/p>\n<p>Trenutno je, na ma\u0111arskoj strani, u toku proces javne nabavke za izradu studije o izvodljivosti i pribavljanje dozvola za rehabilitacioni program mrtvaja.<\/p>\n<p>Svakako na kraju treba ista\u0107i da Op\u0161tine poput Kanji\u017ee koja je formirala Informacioni centar za razvoj \u2013 ICR nema nikakvih problema da za realizaciju svojih razvojnih projekata dobije donatorska sredstva.<\/p>\n<p>Treba ista\u0107i veliku uspe\u0161nost Op\u0161tine Kanji\u017ea i dobijanju donatorskih sredstava ali i u uspe\u0161nost realizacije projekata za koja su odobrena sredstva. Zasluga za tako zna\u010dajne uspehe pripada predsedniku Op\u0161tine Kanji\u017ea g. Kermeciju koji je prepoznao zna\u010daj formiranja ICR. Svi ti zadaci i obaveze koje proisti\u010du u izradi i realizaciji razvojnih projekata ne bi se mogle razre\u0161iti da na \u010delu ICR nisu mladi, obrazovani i stru\u010dni ljudi kao \u0161to su Robert Fejstamer i Viktor Tuni\u0107.<\/p>\n<p>Ovi tekstovi imaju za cilj da istaknu uspe\u0161ne op\u0161tine, kojih na \u017ealost ima malo, ali i da drugim op\u0161tinama uka\u017eu da je mogu\u0107e do\u0107i do donatorskih sredstava. Ali da bi se do\u0161lo do tihsredstava, treba dati \u0161ansu mladim i obrazovnim ljudima koji bi u saradnji sa nevladinim neprofitnim organizacijama koje se bave razvojnim projektima izradili razvojne projekte.<\/p>\n<p>Op\u0161tina je pokazala i kako treba i kako se mo\u017ee uspe\u0161no raditi na razvoju svoje op\u0161tine koriste\u0107i i donatorska sredstva.<\/p>\n<p><img loading=\"lazy\" decoding=\"async\" width=\"177\" height=\"300\" class=\"alignnone size-medium wp-image-48\" alt=\"\" src=\"http:\/\/www.icr.rs\/wp-content\/uploads\/2010\/06\/22-177x300.jpg\" \/><\/p>\n<p>Predsednik konzorcijuma NVO<br \/>\n(Plavi Dunav, GDP, CEDEP)<br \/>\nZoran Jovanovi\u0107<\/p>\n<p>&nbsp;<\/p>\n<p><strong>KLASTERI \u2013 budu\u0107nost ili jo\u0161 jedan proma\u0161aj<\/strong><\/p>\n<p>Ovih meseci veoma je prisutna pojava kod privrednika, ali i kod stratega razvoja u lokalnim samoupravama (Op\u0161tinama) pojam-KLASTER.<\/p>\n<p>Naime, jo\u0161 Ministarstvo privrede pokrenulo je, ali nekako stidljivo, inicijativu za osnivanje jedne potpuno nove, bar po imenu, forme udru\u017eivanja privrednika. Za te aktivnosti obezbe\u0111ena su odre\u0111ena sredstva i uz donatorska sredstva iz Norve\u0161ke mo\u017ee se konstatovati da nisu zanemarljiva. Naime, na konkursima za osnivanje klastera moglo se konkurisati sa projektom za inicijativu u osnivanju klastera za sredstva do 10000 evra i za podr\u0161ku radu ve\u0107 osnovanih klastera do 80000 evra. Ministarstvo ekonomije i regionalnog razvoja je nastavilo rad na tzv. klasterizaciji, a da se u su\u0161tini nije re\u0161io jedan osnovni pravni problem, a to je: kakva je pravna forma klastera? Naime, klaster bi trebalo da bude udru\u017eenje gra\u0111ana \u2013 nevladina, neprofitna organizacija u koju bi se uklju\u010dilo minimum 9 pravnih subjekata (firmi) i 3 obrazovne institucije. Verovatno ni u Ministarstvu nije jasno kako to mo\u017ee uspe\u0161no da funkcioni\u0161e. Namerno re\u010deno, to je zaista nemogu\u0107e klasteru na\u0107i naziv u duhu pravne regulative. Svi ostali inputi i ciljevi u\u0107i u klaster nisu ni nepoznati, niti tu ima ne\u0161to novo. Davno je bilo granskog udru\u017eivanja, tj. udru\u017eivanja proizvo\u0111a\u010da istih roba i usluga u cilju efikasnijeg i ekonomi\u010dnijeg poslovanja. Te unije i udru\u017eenja \u010desto su osnivana po zakonskoj regulativi, a ne po volji vlasnika firmi i naj\u010de\u0161\u0107e imali obaveze (\u010dlanarine) nego prava i koristi od u\u010dlanjivanja. Kako formirano tako i poslovalo i takvi rezultati. Mo\u017ee se re\u0107i skoro i ne primetni. Klaster je nov samo u formi osnivanja i u tome \u0161to je dobrovoljno udru\u017eenje. Sve ostalo: ciljevi i neophodnost za odre\u0111enim povezivanjima poznata su svakom privredniku. Za to nije neophodno zavr\u0161iti visoke \u0161kole menad\u017ementa. Na\u0161a privredna situacija, a pre svega misli se na mala i srednja preduze\u0107a, a posebno i na zanatstvo, je takva da se svako mu\u010di sa likvidno\u0161\u0107u, variranje cena sirovina, inspekcijama, radom na crno kao nelojalnom konkurencijom i ostalim manjim i ve\u0107im problemima koji \u017eivot zna\u010de. O izvozu, sem poljoprivrednih proizvoda i jo\u0161 ne\u010dega u tragovima, skoro da nema ni govora. Jeftina, nekvalitetna \u010desto i opasna roba, bez dekleracija o poreklu, preplavila je na\u0161e tr\u017ei\u0161te i konstantno gu\u0161i razvoj malih i srednjh preduze\u0107a. Zanatlije \u0107emo uskoro videti u muzejima kao eksponate. Treba svakako pozdraviti inicijativu Ministarstva za podsticaj na neke promene, ali da li moramo uvek da krenemo od nule i da izmislimo ne\u0161to novo sa novim imenom koji \u0107e vi\u0161e zbuniti nego dati pravo re\u0161enje. U jednom trenutku na\u0161ih ma\u0161tovitih ideja pojavili su se inkubatori za biznis. O tome \u0161ta je u tome ura\u0111eno, koji su rezultati i gde su pare ulo\u017eene u njih, niko ni\u0161ta ne govori. Iz nekih, od ipak malobrojnih, prezentacija ideje klastera, moglo se u po\u010detku zaklju\u010diti da bi ustvari postoje\u0107a udru\u017eenja i unije mogle uz pomo\u0107 podsticajnih sredstava da unaprede svoje poslovanje na op\u0161tu korist svojih \u010dlanica, pa nek se zovu i klasteri. Udru\u017eenja su po formi nevladine, neprofitne organizacije, a okupljaju privredne subjekte koji su prepoznali interes od takvog udru\u017eivanja. Neka takva udru\u017eenja postoje jo\u0161 od pre prvog svetskog rata i od zadu\u017ebinara dobila su zna\u010dajne nepokretnosti. Nedostatak sredstava, onemogu\u0107avalo ih je da, kroz obuke, prekvalifikacije, dokvalifikacije, re\u0161avanja obrtnih i investicionih sredstava, budu jo\u0161 efikasniji i njihovi \u010dlanovi zadovoljniji. Moglo bi se zaklju\u010diti da klasteri postoje i uz mala ulaganja, pa makar i promenili ime, mo\u017ee se zna\u010dajno pobolj\u0161ati privredna situacija u Srbiji. Na\u017ealost dva poziva na konkursu za osnivanje i podr\u0161ku klasterima pokazala su svu nedore\u010denost takve namere. Naime, osnovani klasteri se mogu pobrojati na prste jedne ruke. U drugom pozivu konkursa Ministarstva, opet pare su dobili ve\u0107 postoje\u0107i klasteri, a od novih ni traga. Podnosioci projekta pogubili su se u pripremi prili\u010dno obimne i konfuzne dokumentacije. A i ko je kompletirao dokumentaciju bio je ograni\u010den (navedeno u uputstvu) na broj re\u010denica u kojima bi izneo strategiju i planove razvoja i rada klastera. Konstatacija, kad se odbiju ponu\u0111eni projekti, da \u201ekvalitet projekta varira\u201c i da su \u201enajslabiji aspekti me\u0111unarodna orijentacija i neuskla\u0111enost finansiskog plana i predlo\u017eenih aktivnosti\u201c deluje vrlo konfuzno i o\u010dito nema dovoljno \u010dvrstih argumenata za odbijanje projekta. Sre\u0107na okolnost da se i Izvr\u0161no Ve\u0107e Vojvodine, Sekretarijat za privredu, aktivno uklju\u010dio u akciju \u201eklasterizacije\u201c i po prvom konkursu moglo bi se naslutiti da \u0107e biti nekih rezultata.<\/p>\n<p>Svakako treba ista\u0107i kao svetao primer inicijativu predsednika Op\u0161tine Kanji\u017ea, Kermenci Karolja da uz podr\u0161ku lokalnih samouprava Op\u0161tina: Mali I\u0111o\u0161, Ba\u010dka Topola, Subotica, Senta, Kanji\u017ea, Ada i Be\u010dej u cilju podsticanja me\u0111usobnog povezivanja preduze\u0107a, preduzetnika, NVO, nosilaca znanja, institucija i organizacija srodnih delatnosti, osnuje se Regionalni Klaster Zdravstvenog Turizma. Nije te\u0161ko uo\u010diti da se radi o Op\u0161tinama koje su i do sada bile uspe\u0161ne u izradi razvojnih projekata i za \u010diju realizaciju su dobijali donatorska sredstva.<\/p>\n<p>Bi\u0107e vrlo zna\u010dajno ako se osnivanje klastera i njegova odr\u017eivost ostvare, jer \u0107e biti svakako podsticaj za mnoge privrednike da i oni po\u010dnu da osnivaju nove klastere ili da se uklju\u010de u rad postoje\u0107ih (kojih je veoma malo). Mo\u017eda svemu tome mo\u017ee, a i o\u010dekuje se, da pomogne klaster iz susedne Ma\u0111arske \u201eKlasteri Alf\u00f6ld SPA\u201c koji \u0107e aktivno u\u010destvovati u osnivanju, ali i u radu \u201eRegionalnog Klastera Zdravstvenog Turizma\u201c.<\/p>\n<p>Po\u017eelimo im sre\u0107u i uspe\u0161an rad.<\/p>\n<p>Predsednik konzorcijuma NVO<br \/>\n(Plavi Dunav, GDP, CEDEP)<br \/>\nZoran Jovanovi\u0107<\/p>\n<div class=\"mcePaste\" id=\"_mcePaste\" style=\"position: absolute; left: -10000px; top: 0px; width: 1px; height: 1px; overflow: hidden;\">Az informatikai felk\u00e9sz\u00fclts\u00e9get t\u00e1mogatja az Uni\u00f3<br \/>\nA Tisza-menti k\u00f6zs\u00e9gek informatikai strat\u00e9gi\u00e1ja kidolgoz\u00e1s\u00e1hoz nyert uni\u00f3s t\u00e1mogat\u00e1st a magyarkanizsai Tisza Menti Inform\u00e1ci\u00f3s Fejleszt\u00e9si K\u00f6zpont. H\u00e9t \u00f6nkorm\u00e1nyzatb\u00f3l \u00e9rkeztek r\u00e9sztvev\u0151k a p\u00e1ly\u00e1zati p\u00e9nzekb\u0151l megszervezett k\u00e9pz\u00e9sre.<\/div>\n","protected":false},"excerpt":{"rendered":"<p>P\u00e1ly\u00e1zat\u00edr\u00f3i alapk\u00e9pz\u00e9st tartottak Magyarkanizs\u00e1n A magyarkanizsai k\u00f6zs\u00e9g civil szervezeteinek k\u00e9pvisel\u0151i sz\u00e1m\u00e1ra szervezett \u00f6t\u00f3r\u00e1s ingyenes p\u00e1ly\u00e1zat\u00edr\u00f3i alapk\u00e9pz\u00e9st a Tisza Menti Inform\u00e1ci\u00f3s Fejleszt\u00e9si K\u00f6zpont \u00f6nkorm\u00e1nyzati t\u00e1mogat\u00e1ssal. A Tisza Menti Inform\u00e1ci\u00f3s Fejleszt\u00e9si K\u00f6zpont, vagyis az ICR els\u0151dleges c\u00e9ljai k\u00f6z\u00e9 tartozik, hogy a magyarkanizsai k\u00f6zs\u00e9gben min\u00e9l t\u00f6bben megtanuljanak p\u00e1ly\u00e1zatot \u00edrni, mert az ilyen t\u00edpus\u00fa feladatokat a K\u00f6zpont nem tudja [&hellip;]<\/p>\n","protected":false},"author":101011,"featured_media":0,"parent":458,"menu_order":6,"comment_status":"open","ping_status":"closed","template":"","meta":{"footnotes":""},"class_list":["post-46","page","type-page","status-publish","hentry"],"_links":{"self":[{"href":"http:\/\/www.icr.rs\/m\/wp-json\/wp\/v2\/pages\/46","targetHints":{"allow":["GET"]}}],"collection":[{"href":"http:\/\/www.icr.rs\/m\/wp-json\/wp\/v2\/pages"}],"about":[{"href":"http:\/\/www.icr.rs\/m\/wp-json\/wp\/v2\/types\/page"}],"author":[{"embeddable":true,"href":"http:\/\/www.icr.rs\/m\/wp-json\/wp\/v2\/users\/101011"}],"replies":[{"embeddable":true,"href":"http:\/\/www.icr.rs\/m\/wp-json\/wp\/v2\/comments?post=46"}],"version-history":[{"count":60,"href":"http:\/\/www.icr.rs\/m\/wp-json\/wp\/v2\/pages\/46\/revisions"}],"predecessor-version":[{"id":1923,"href":"http:\/\/www.icr.rs\/m\/wp-json\/wp\/v2\/pages\/46\/revisions\/1923"}],"up":[{"embeddable":true,"href":"http:\/\/www.icr.rs\/m\/wp-json\/wp\/v2\/pages\/458"}],"wp:attachment":[{"href":"http:\/\/www.icr.rs\/m\/wp-json\/wp\/v2\/media?parent=46"}],"curies":[{"name":"wp","href":"https:\/\/api.w.org\/{rel}","templated":true}]}}