{"id":2098,"date":"2011-02-25T10:30:13","date_gmt":"2011-02-25T09:30:13","guid":{"rendered":"http:\/\/www.icr.rs\/m\/?page_id=2098"},"modified":"2012-03-05T09:32:19","modified_gmt":"2012-03-05T08:32:19","slug":"hu-srb-ipa","status":"publish","type":"page","link":"http:\/\/www.icr.rs\/m\/projektek\/hu-srb-ipa\/","title":{"rendered":"HU-SRB IPA"},"content":{"rendered":"<p><strong>A projekt neve: <\/strong><\/p>\n<p><strong>Magyar-szerb hat\u00e1ron \u00e1t\u00edvel\u0151 \u00e1r- \u00e9s talajv\u00edz v\u00edzszab\u00e1lyoz\u00e1si rendszer ki\u00e9p\u00edt\u00e9se \u00e9s \u00fczembe helyez\u00e9se \u2013 Building up and actuation of a Hungarian-Serbian cross-border flood and inland water management system &#8211; HUSEFLOOD, HU-SRB\/0901\/121\/087<\/strong><\/p>\n<p><strong>C\u00e9lja<\/strong>: A projekt \u00e1tfog\u00f3 c\u00e9lja kib\u0151v\u00edteni a rendelkez\u00e9sre \u00e1ll\u00f3, \u00e1rv\u00edzi \u00e9s belv\u00edzi k\u00e1rok megel\u0151z\u00e9s\u00e9t szolg\u00e1l\u00f3 technikai eszk\u00f6z\u00f6ket a gazdas\u00e1gilag \u00e9s t\u00e1rsadalmilag elmaradott ter\u00fcleteken, illetve az \u00e1rv\u00edz \u00e9s belvizek \u00e1ltal vesz\u00e9lyeztetett t\u00e9rs\u00e9gekben, valamint n\u00f6velni az illet\u00e9kes hat\u00f3s\u00e1gok szabad kapacit\u00e1s\u00e1t \u00e9s a hat\u00e1rmenti kommunik\u00e1ci\u00f3t az \u00e1rv\u00edzi \u00e9s belv\u00edzi k\u00e1rok megel\u0151z\u00e9se \u00e9s elh\u00e1r\u00edt\u00e1sa \u00e9rdek\u00e9ben.<\/p>\n<p><strong>A projekt c\u00e9lcsoportja<\/strong> Magyarorsz\u00e1g \u00e9s Szerbia k\u00f6z\u00f6s foly\u00f3-menti vesz\u00e9lyeztetett telep\u00fcl\u00e9sei, pontosabban a k\u00f6vetkez\u0151 r\u00e9gi\u00f3k, kist\u00e9rs\u00e9gek \u00e9s azok telep\u00fcl\u00e9sei: Magyarorsz\u00e1gon D\u00e9l-alf\u00f6ld R\u00e9gi\u00f3, ezen bel\u00fcl Kistelek kist\u00e9rs\u00e9g, Szerbi\u00e1ban Vajdas\u00e1g tartom\u00e1ny, ezen bel\u00fcl pedig Magyarkanizsa (Kanji\u017ea) v\u00e1rosa.<\/p>\n<p>A projekt c\u00e9ljai hozz\u00e1j\u00e1rulnak a \u201eK\u00f6rnyezeti fenntarthat\u00f3s\u00e1g \u00e9s biztons\u00e1g a hat\u00e1rz\u00f3n\u00e1ban\u201c a Magyarorsz\u00e1g &#8211; Szerbia IPA Hat\u00e1ron \u00c1tny\u00fal\u00f3 Egy\u00fcttm\u0171k\u00f6d\u00e9si Programban megnevezett specifikus c\u00e9l el\u00e9r\u00e9s\u00e9hez, mely Program hossz\u00fa t\u00e1v\u00fa c\u00e9lja egy fenntarthat\u00f3 \u00e9s biztons\u00e1gos k\u00f6rnyezetben egy\u00fcttm\u0171k\u00f6d\u0151 r\u00e9gi\u00f3 l\u00e9trehoz\u00e1sa.<\/p>\n<p><strong>F\u0151 kedvezm\u00e9nyezett: <\/strong>Kisteleki K\u00f6rny\u00e9ki Telep\u00fcl\u00e9sek T\u00f6bbc\u00e9l\u00fa T\u00e1rsulata<\/p>\n<p><strong>Projekt partnerek: <\/strong><br \/>\n1. Tisza Menti Inform\u00e1ci\u00f3s fejleszt\u00e9si K\u00f6zpont, Magyarkanizsa<br \/>\n2. Als\u00f3-Tisza Vid\u00e9ki K\u00f6rnyezetv\u00e9delmi \u00e9s V\u00edz\u00fcgyi Igazgat\u00f3s\u00e1g, Szeged<\/p>\n<p><strong>A projekt id\u0151tartama: <\/strong>2010.06.30. \u2013 2011.06.29.<\/p>\n<p><strong>A projekt \u00f6sszk\u00f6lts\u00e9gvet\u00e9se: <\/strong>844.868,00 eur\u00f3, melyb\u0151l az Eur\u00f3pai Uni\u00f3 t\u00e1rsfinansz\u00edroz\u00e1sa 718.138,00 eur\u00f3t tesz ki.<\/p>\n<p>&nbsp;<\/p>\n<p><a href=\"http:\/\/www.icr.rs\/wp-content\/uploads\/2011\/02\/1-foto.jpg\"><img loading=\"lazy\" decoding=\"async\" class=\"alignnone size-thumbnail wp-image-3368\" title=\"1 foto\" src=\"http:\/\/www.icr.rs\/wp-content\/uploads\/2011\/02\/1-foto-150x150.jpg\" alt=\"\" width=\"150\" height=\"150\" \/><\/a>\u00a0<a href=\"http:\/\/www.icr.rs\/wp-content\/uploads\/2011\/02\/2-foto.jpg\"><img loading=\"lazy\" decoding=\"async\" class=\"alignnone size-thumbnail wp-image-3369\" title=\"2 foto\" src=\"http:\/\/www.icr.rs\/wp-content\/uploads\/2011\/02\/2-foto-150x150.jpg\" alt=\"\" width=\"150\" height=\"150\" \/><\/a>\u00a0<a href=\"http:\/\/www.icr.rs\/wp-content\/uploads\/2011\/02\/3-foto.jpg\"><img loading=\"lazy\" decoding=\"async\" class=\"alignnone size-thumbnail wp-image-3370\" title=\"3 foto\" src=\"http:\/\/www.icr.rs\/wp-content\/uploads\/2011\/02\/3-foto-150x150.jpg\" alt=\"\" width=\"150\" height=\"150\" \/><\/a>\u00a0<a href=\"http:\/\/www.icr.rs\/wp-content\/uploads\/2011\/02\/4-foto.jpg\"><img loading=\"lazy\" decoding=\"async\" class=\"alignnone size-thumbnail wp-image-3371\" title=\"4 foto\" src=\"http:\/\/www.icr.rs\/wp-content\/uploads\/2011\/02\/4-foto-150x150.jpg\" alt=\"\" width=\"150\" height=\"150\" \/><\/a>\u00a0<a href=\"http:\/\/www.icr.rs\/wp-content\/uploads\/2011\/02\/5-foto.jpg\"><img loading=\"lazy\" decoding=\"async\" class=\"alignnone size-thumbnail wp-image-3372\" title=\"5 foto\" src=\"http:\/\/www.icr.rs\/wp-content\/uploads\/2011\/02\/5-foto-150x150.jpg\" alt=\"\" width=\"150\" height=\"150\" \/><\/a><a href=\"http:\/\/www.icr.rs\/wp-content\/uploads\/2011\/02\/plakat_magyar-1.jpg\"><img loading=\"lazy\" decoding=\"async\" class=\"alignleft size-medium wp-image-3408\" title=\"plakat_magyar-1\" src=\"http:\/\/www.icr.rs\/wp-content\/uploads\/2011\/02\/plakat_magyar-1-211x300.jpg\" alt=\"\" width=\"211\" height=\"300\" \/><br \/>\n<\/a><a href=\"http:\/\/www.icr.rs\/wp-content\/uploads\/2011\/02\/szorolap_magyar-1.jpg\"><img loading=\"lazy\" decoding=\"async\" class=\"alignleft size-medium wp-image-3410\" title=\"szorolap_magyar-1\" src=\"http:\/\/www.icr.rs\/wp-content\/uploads\/2011\/02\/szorolap_magyar-1-210x300.jpg\" alt=\"\" width=\"210\" height=\"300\" \/><\/a><\/p>\n<p>&nbsp;<\/p>\n<p>&nbsp;<\/p>\n<p>&nbsp;<\/p>\n<p>&nbsp;<\/p>\n<p>&nbsp;<\/p>\n<p>&nbsp;<\/p>\n<p>&nbsp;<\/p>\n<p>&nbsp;<\/p>\n<p>&nbsp;<\/p>\n<p>&nbsp;<\/p>\n<p>&nbsp;<\/p>\n<p><strong>\u201eJ\u00d3 SZOMSZ\u00c9DOK A K\u00d6Z\u00d6S J\u00d6V\u0150\u00c9RT\u201d<\/strong><\/p>\n<p>&nbsp;<\/p>\n<p><img loading=\"lazy\" decoding=\"async\" class=\"alignleft  wp-image-2692\" title=\"IPA Magyar-Szerb\" src=\"http:\/\/www.icr.rs\/m\/wp-content\/uploads\/2011\/02\/IPA-Magyar-Szerb1.jpg\" alt=\"\" width=\"289\" height=\"135\" \/><strong> <\/strong><\/p>\n<p>2011. december 31.-\u00e9n lez\u00e1rul a Kistelek K\u00f6rny\u00e9ki Telep\u00fcl\u00e9sek T\u00f6bbc\u00e9l\u00fa T\u00e1rsul\u00e1sa p\u00e1ly\u00e1zata, amelyet a Magyarorsz\u00e1g-Szerbia IPA Hat\u00e1ron \u00c1tny\u00fal\u00f3 Egy\u00fcttm\u0171k\u00f6d\u00e9si Program keret\u00e9ben ki\u00edrt, az \u201cInfrastrukt\u00fara \u00e9s K\u00f6rnyezet\u201d 1. sz\u00e1m\u00fa priorit\u00e1s tengelyen bel\u00fcl az \u201c1.2. K\u00f6z\u00f6s felel\u0151ss\u00e9gv\u00e1llal\u00e1s a k\u00f6rnyezet\u00e9rt\u201d beavatkoz\u00e1si ter\u00fcleten az \u201c1.2.1. Kisebb l\u00e9pt\u00e9k\u0171 v\u00edzgazd\u00e1lkod\u00e1si (\u00e1r- \u00e9s belv\u00edzv\u00e9delem) tev\u00e9kenys\u00e9gek\u201d int\u00e9zked\u00e9sre ny\u00fajtott be.<br \/>\nA Magyar-Szerb hat\u00e1ron \u00e1tny\u00fal\u00f3 \u00e1r- \u00e9s belv\u00edzv\u00e9delmi rendszer l\u00e9trehoz\u00e1sa \u00e9s m\u0171k\u00f6dtet\u00e9se a Tisza-foly\u00f3 ment\u00e9n c\u00edm\u0171 \u00e9s HU-SRB\/0901\/121\/087 azonos\u00edt\u00f3 sz\u00e1m\u00fa projekt az al\u00e1bbi fejleszt\u00e9seket tette lehet\u0151v\u00e9 a Kistelek K\u00f6rny\u00e9ki Telep\u00fcl\u00e9sek T\u00f6bbc\u00e9l\u00fa T\u00e1rsul\u00e1sa \u00e9s partnerei (ICR-Szerbia, ATIK\u00d6VIZIG-Magyarorsz\u00e1g) sz\u00e1m\u00e1ra:<\/p>\n<p>\u2022\u00a0\u00a0\u00a0 1 db kotr\u00f3-rakod\u00f3 g\u00e9p<br \/>\n\u2022\u00a0\u00a0\u00a0 1 db plat\u00f3s teherg\u00e9pkocsi<br \/>\n\u2022\u00a0\u00a0\u00a0 1 db multifunkcion\u00e1lis teherg\u00e9pj\u00e1rm\u0171<br \/>\n\u2022\u00a0\u00a0\u00a0 1 db traktor p\u00f3tkocsival<br \/>\n\u2022\u00a0\u00a0\u00a0 1 db gener\u00e1tor<br \/>\n\u2022\u00a0\u00a0\u00a0 5 db benzines mobilszivatty\u00fa<br \/>\n\u2022\u00a0\u00a0\u00a0 2 db motorf\u0171r\u00e9sz<br \/>\n\u2022\u00a0\u00a0\u00a0 1 db T\u00e9rinformatikai Rendszer<br \/>\n\u2022\u00a0\u00a0\u00a0 12 db sz\u00e1m\u00edt\u00f3g\u00e9p \u00e1llom\u00e1s<br \/>\n\u2022\u00a0\u00a0\u00a0 10 db hordozhat\u00f3 GPS k\u00e9sz\u00fcl\u00e9k<\/p>\n<p>A projekt c\u00e9lcsoportja Magyarorsz\u00e1g \u00e9s Szerbia k\u00f6z\u00f6s foly\u00f3\u2013menti vesz\u00e9lyeztetett ter\u00fcletei, pontosabban a k\u00f6vetkez\u0151 r\u00e9gi\u00f3k, kist\u00e9rs\u00e9gek \u00e9s azok telep\u00fcl\u00e9sei: Magyarorsz\u00e1gon D\u00e9l-alf\u00f6ld R\u00e9gi\u00f3, ezen bel\u00fcl Kistelek kist\u00e9rs\u00e9g, Szerbi\u00e1ban Vajdas\u00e1g tartom\u00e1ny, ezen bel\u00fcl pedig Magyarkanizsa (Kanjiza) v\u00e1rosa.<\/p>\n<p>A Kistelek K\u00f6rny\u00e9ki Telep\u00fcl\u00e9sek T\u00f6bbc\u00e9l\u00fa T\u00e1rsul\u00e1sa p\u00e1ly\u00e1zatban v\u00e1llalt k\u00f6telezetts\u00e9g\u00e9nek eleget t\u00e9ve l\u00e9trehozott egy telefonk\u00f6zpontot, amelyen kereszt\u00fcl a c\u00e9lter\u00fcleteken \u00e9l\u0151 lakoss\u00e1g a lenti telefonsz\u00e1mon bejelentheti \u00e1r- \u00e9s belv\u00edzzel kapcsolatos \u00e9szrev\u00e9teleit \u00e9s az esetleges vesz\u00e9lyhelyzeteket.<\/p>\n<p><strong>A h\u00edvhat\u00f3 z\u00f6ld sz\u00e1m: 0036-80\/820-033<\/strong><\/p>\n<p>A projekt \u00f6sszk\u00f6lts\u00e9gvet\u00e9se 844.868 eur\u00f3, melyb\u0151l az Eur\u00f3pai Uni\u00f3 t\u00e1rsfinansz\u00edroz\u00e1sa 718.138 eur\u00f3t tesz ki.<\/p>\n<p>Jelen dokumentum az Eur\u00f3pai Uni\u00f3 t\u00e1rsfinansz\u00edroz\u00e1s\u00e1val k\u00e9sz\u00fclt el. A dokumentum tartalma a Kistelek K\u00f6rny\u00e9ki Telep\u00fcl\u00e9sek T\u00f6bbc\u00e9l\u00fa T\u00e1rsul\u00e1s\u00e1nak kiz\u00e1r\u00f3lagos felel\u0151ss\u00e9ge, mely semmilyen k\u00f6r\u00fclm\u00e9nyek k\u00f6z\u00f6tt nem t\u00fckr\u00f6zi az Eur\u00f3pai Uni\u00f3 \u00e9s\/vagy az Ir\u00e1ny\u00edt\u00f3 Hat\u00f3s\u00e1g \u00e1ll\u00e1spontj\u00e1t.<\/p>\n<p><img loading=\"lazy\" decoding=\"async\" class=\"alignleft size-medium wp-image-2693\" title=\"EU tarsfinanszirozas\" src=\"http:\/\/www.icr.rs\/m\/wp-content\/uploads\/2011\/02\/EU-tarsfinanszirozas-300x240.jpg\" alt=\"\" width=\"300\" height=\"240\" srcset=\"http:\/\/www.icr.rs\/m\/wp-content\/uploads\/2011\/02\/EU-tarsfinanszirozas-300x240.jpg 300w, http:\/\/www.icr.rs\/m\/wp-content\/uploads\/2011\/02\/EU-tarsfinanszirozas.jpg 640w\" sizes=\"auto, (max-width: 300px) 100vw, 300px\" \/><\/p>\n<p>&nbsp;<\/p>\n","protected":false},"excerpt":{"rendered":"<p>A projekt neve: Magyar-szerb hat\u00e1ron \u00e1t\u00edvel\u0151 \u00e1r- \u00e9s talajv\u00edz v\u00edzszab\u00e1lyoz\u00e1si rendszer ki\u00e9p\u00edt\u00e9se \u00e9s \u00fczembe helyez\u00e9se \u2013 Building up and actuation of a Hungarian-Serbian cross-border flood and inland water management system &#8211; HUSEFLOOD, HU-SRB\/0901\/121\/087 C\u00e9lja: A projekt \u00e1tfog\u00f3 c\u00e9lja kib\u0151v\u00edteni a rendelkez\u00e9sre \u00e1ll\u00f3, \u00e1rv\u00edzi \u00e9s belv\u00edzi k\u00e1rok megel\u0151z\u00e9s\u00e9t szolg\u00e1l\u00f3 technikai eszk\u00f6z\u00f6ket a gazdas\u00e1gilag \u00e9s t\u00e1rsadalmilag elmaradott [&hellip;]<\/p>\n","protected":false},"author":2,"featured_media":0,"parent":2096,"menu_order":0,"comment_status":"closed","ping_status":"open","template":"template-1column.php","meta":{"footnotes":""},"class_list":["post-2098","page","type-page","status-publish","hentry"],"_links":{"self":[{"href":"http:\/\/www.icr.rs\/m\/wp-json\/wp\/v2\/pages\/2098","targetHints":{"allow":["GET"]}}],"collection":[{"href":"http:\/\/www.icr.rs\/m\/wp-json\/wp\/v2\/pages"}],"about":[{"href":"http:\/\/www.icr.rs\/m\/wp-json\/wp\/v2\/types\/page"}],"author":[{"embeddable":true,"href":"http:\/\/www.icr.rs\/m\/wp-json\/wp\/v2\/users\/2"}],"replies":[{"embeddable":true,"href":"http:\/\/www.icr.rs\/m\/wp-json\/wp\/v2\/comments?post=2098"}],"version-history":[{"count":6,"href":"http:\/\/www.icr.rs\/m\/wp-json\/wp\/v2\/pages\/2098\/revisions"}],"predecessor-version":[{"id":2100,"href":"http:\/\/www.icr.rs\/m\/wp-json\/wp\/v2\/pages\/2098\/revisions\/2100"}],"up":[{"embeddable":true,"href":"http:\/\/www.icr.rs\/m\/wp-json\/wp\/v2\/pages\/2096"}],"wp:attachment":[{"href":"http:\/\/www.icr.rs\/m\/wp-json\/wp\/v2\/media?parent=2098"}],"curies":[{"name":"wp","href":"https:\/\/api.w.org\/{rel}","templated":true}]}}